{"id":8455,"date":"2023-01-13T11:49:57","date_gmt":"2023-01-13T11:49:57","guid":{"rendered":"https:\/\/spheriq.ch\/repertoire-des-fondations\/fondations-a-berne\/"},"modified":"2023-12-18T17:52:26","modified_gmt":"2023-12-18T17:52:26","slug":"fondations-a-berne","status":"publish","type":"page","link":"https:\/\/spheriq.ch\/fr\/repertoire-des-fondations\/fondations-a-berne\/","title":{"rendered":"Fondations \u00e0 Berne"},"content":{"rendered":"<div class=\"wp-block-cover alignfull is-light has-custom-content-position is-position-top-center\" style=\"min-height:204px;aspect-ratio:unset;\"><span aria-hidden=\"true\" class=\"wp-block-cover__background has-background-dim-100 has-background-dim\" style=\"background-color:#f7f7f7\"><\/span><div class=\"wp-block-cover__inner-container is-layout-constrained wp-block-cover-is-layout-constrained\"><h1 class=\"wp-block-heading\">Fondations \u00e0 Berne<\/h1>\n\n<p class=\"has-size-20-font-size\">Plus de 10% de toutes les fondations suisses ont leur si\u00e8ge \u00e0 Berne. Le canton compte au total 1&rsquo;409 fondations. Le nombre de fondations pour 10&rsquo;000 habitants est de 13,4.<\/p><\/div><\/div><div class=\"wp-bootstrap-blocks-row row\">\n\t\n<div class=\"col-12 col-md-4\">\n\t\t\t<div class=\"p-3\">\n\t\t\t\n<div class=\"wp-block-custom-tree\"><div class=\"wp-block-custom-item-tree fat\"><span class=\"title\">Annuaire r\u00e9gional des fondations<\/span><span class=\"count\"><\/span><\/div>\n\n<div class=\"wp-block-custom-item-tree\"><a href=\"https:\/\/spheriq.ch\/fr\/?page_id=8105\"><span class=\"title\">Fondations de la r\u00e9gion l\u00e9manique<\/span><span class=\"count\"><\/span><\/a><\/div>\n\n<div class=\"wp-block-custom-tree\"><div class=\"wp-block-custom-item-tree\"><a href=\"https:\/\/spheriq.ch\/fr\/?page_id=7910\"><span class=\"title\">Fondations dans le canton de Gen\u00e8ve<\/span><span class=\"count\"><\/span><\/a><\/div>\n\n<div class=\"wp-block-custom-item-tree\"><a href=\"https:\/\/spheriq.ch\/stiftungsverzeichnis\/stiftungen-waadt\/\"><span class=\"title\">Fondations dans le canton de Vaud<\/span><span class=\"count\"><\/span><\/a><\/div>\n\n<div class=\"wp-block-custom-item-tree\"><a href=\"https:\/\/spheriq.ch\/stiftungsverzeichnis\/stiftungen-wallis\/\"><span class=\"title\">Fondations dans le canton du Valais<\/span><span class=\"count\"><\/span><\/a><\/div><\/div><\/div>\n\n<div class=\"wp-block-custom-tree\"><div class=\"wp-block-custom-item-tree\"><a href=\"https:\/\/spheriq.ch\/fr\/?page_id=8121\"><span class=\"title\">Fondations Espace Mittelland<\/span><span class=\"count\"><\/span><\/a><\/div>\n\n<div class=\"wp-block-custom-tree\"><div class=\"wp-block-custom-item-tree\"><a href=\"https:\/\/spheriq.ch\/fr\/repertoire-des-fondations\/fondations-a-berne\/\"><span class=\"title\">Fondations dans le canton de Berne<\/span><span class=\"count\"><\/span><\/a><\/div>\n\n<div class=\"wp-block-custom-item-tree\"><a href=\"https:\/\/spheriq.ch\/stiftungsverzeichnis\/stiftungen-freiburg\/\"><span class=\"title\">Fondations dans le canton de Fribourg<\/span><span class=\"count\"><\/span><\/a><\/div>\n\n<div class=\"wp-block-custom-item-tree\"><a href=\"https:\/\/spheriq.ch\/fr\/?page_id=8099\"><span class=\"title\">Fondations dans le canton de Soleure<\/span><span class=\"count\"><\/span><\/a><\/div>\n\n<div class=\"wp-block-custom-item-tree\"><a href=\"https:\/\/spheriq.ch\/fr\/?page_id=8396\"><span class=\"title\">Fondations dans le canton de Neuch\u00e2tel<\/span><span class=\"count\"><\/span><\/a><\/div>\n\n<div class=\"wp-block-custom-item-tree\"><a href=\"https:\/\/spheriq.ch\/fr\/?page_id=8403\"><span class=\"title\">Fondations dans le canton du Jura<\/span><span class=\"count\"><\/span><\/a><\/div><\/div><\/div>\n\n<div class=\"wp-block-custom-tree\"><div class=\"wp-block-custom-item-tree\"><a href=\"https:\/\/spheriq.ch\/fr\/?page_id=8376\"><span class=\"title\">Fondations du nord-ouest de la Suisse<\/span><span class=\"count\"><\/span><\/a><\/div>\n\n<div class=\"wp-block-custom-tree\"><div class=\"wp-block-custom-item-tree\"><a href=\"https:\/\/spheriq.ch\/fr\/?page_id=8338\"><span class=\"title\">Fondations dans le canton de B\u00e2le-Ville<\/span><span class=\"count\"><\/span><\/a><\/div>\n\n<div class=\"wp-block-custom-item-tree\"><a href=\"https:\/\/spheriq.ch\/fr\/?page_id=8209\"><span class=\"title\">Fondations dans le canton de B\u00e2le-Campagne<\/span><span class=\"count\"><\/span><\/a><\/div>\n\n<div class=\"wp-block-custom-item-tree\"><a href=\"https:\/\/spheriq.ch\/fr\/?page_id=7890\"><span class=\"title\">Fondations dans le canton d&rsquo;Argovie<\/span><span class=\"count\"><\/span><\/a><\/div><\/div>\n\n<div class=\"wp-block-custom-item-tree\"><a href=\"https:\/\/spheriq.ch\/fr\/?page_id=8414\"><span class=\"title\">Fondations Zurich<\/span><span class=\"count\"><\/span><\/a><\/div>\n\n<div class=\"wp-block-custom-item-tree\"><a href=\"https:\/\/spheriq.ch\/fr\/?page_id=8113\"><span class=\"title\">Fondations de Suisse orientale<\/span><span class=\"count\"><\/span><\/a><\/div><\/div>\n\n<div class=\"wp-block-custom-tree\"><div class=\"wp-block-custom-tree\"><div class=\"wp-block-custom-item-tree\"><a href=\"https:\/\/spheriq.ch\/fr\/?page_id=8155\"><span class=\"title\">Fondations dans le canton de Saint-Gall<\/span><span class=\"count\"><\/span><\/a><\/div>\n\n<div class=\"wp-block-custom-item-tree\"><a href=\"https:\/\/spheriq.ch\/fr\/?page_id=8446\"><span class=\"title\">Fondations dans le canton de Thurgovie<\/span><span class=\"count\"><\/span><\/a><\/div>\n\n<div class=\"wp-block-custom-item-tree\"><a href=\"https:\/\/spheriq.ch\/fr\/?page_id=8146\"><span class=\"title\">Fondations dans le canton d&rsquo;Appenzell Rhodes-Int\u00e9rieures<\/span><span class=\"count\"><\/span><\/a><\/div>\n\n<div class=\"wp-block-custom-item-tree\"><a href=\"https:\/\/spheriq.ch\/fr\/?page_id=7905\"><span class=\"title\">Fondations dans le canton d&rsquo;Appenzell Rhodes-Ext\u00e9rieures<\/span><span class=\"count\"><\/span><\/a><\/div>\n\n<div class=\"wp-block-custom-item-tree\"><a href=\"https:\/\/spheriq.ch\/fr\/?page_id=8218\"><span class=\"title\">Fondations dans le canton de Glaris<\/span><span class=\"count\"><\/span><\/a><\/div>\n\n<div class=\"wp-block-custom-item-tree\"><a href=\"https:\/\/spheriq.ch\/fr\/?page_id=8387\"><span class=\"title\">Fondations dans le canton de Schaffhouse<\/span><span class=\"count\"><\/span><\/a><\/div>\n\n<div class=\"wp-block-custom-item-tree\"><a href=\"https:\/\/spheriq.ch\/fr\/?page_id=8164\"><span class=\"title\">Fondations dans le canton des Grisons<\/span><span class=\"count\"><\/span><\/a><\/div><\/div>\n\n<div class=\"wp-block-custom-item-tree\"><a href=\"https:\/\/spheriq.ch\/fr\/?page_id=8126\"><span class=\"title\">Fondations Suisse centrale<\/span><span class=\"count\"><\/span><\/a><\/div>\n\n<div class=\"wp-block-custom-tree\"><div class=\"wp-block-custom-item-tree\"><a href=\"https:\/\/spheriq.ch\/fr\/?page_id=8176\"><span class=\"title\">Fondations dans le canton de Lucerne<\/span><span class=\"count\"><\/span><\/a><\/div>\n\n<div class=\"wp-block-custom-item-tree\"><a href=\"https:\/\/spheriq.ch\/fr\/?page_id=8093\"><span class=\"title\">Fondations dans le canton d&rsquo;Uri<\/span><span class=\"count\"><\/span><\/a><\/div>\n\n<div class=\"wp-block-custom-item-tree\"><a href=\"https:\/\/spheriq.ch\/stiftungsverzeichnis\/stiftungen-schwyz\/\"><span class=\"title\">Fondations dans le canton de Schwyz<\/span><span class=\"count\"><\/span><\/a><\/div>\n\n<div class=\"wp-block-custom-item-tree\"><a href=\"https:\/\/spheriq.ch\/stiftungsverzeichnis\/stiftungen-obwalden\/\"><span class=\"title\">Fondations dans le canton d&rsquo;Obwald<\/span><span class=\"count\"><\/span><\/a><\/div>\n\n<div class=\"wp-block-custom-item-tree\"><a href=\"https:\/\/spheriq.ch\/stiftungsverzeichnis\/stiftungen-nidwalden\/\"><span class=\"title\">Fondations dans le canton de Nidwald<\/span><span class=\"count\"><\/span><\/a><\/div>\n\n<div class=\"wp-block-custom-item-tree\"><a href=\"https:\/\/spheriq.ch\/stiftungsverzeichnis\/stiftungen-zug\/\"><span class=\"title\">Fondations dans le canton de Zoug<\/span><span class=\"count\"><\/span><\/a><\/div><\/div>\n\n<div class=\"wp-block-custom-item-tree\"><a href=\"https:\/\/spheriq.ch\/fr\/?page_id=8324\"><span class=\"title\">Fondations Tessin<\/span><span class=\"count\"><\/span><\/a><\/div><\/div>\n\t\t<\/div>\n\t<\/div>\n\n<div class=\"col-12 col-md-8\">\n\t\t\t<div class=\"p-3\">\n\t\t\t\n<div class=\"container\"><ul class=\"nav nav-tabs\" role=\"tablist\"><li class=\"nav-item\" role=\"presentation\"><button data-hash=\"#toutes-les-organisations\" class=\"nav-link active\" id=\"t-7fa1c15b-4627-42b8-8974-4a072bb8c850-3af58836-e6f9-4c87-a371-f723f782bc76-tab\" data-bs-toggle=\"tab\" data-bs-target=\"#t-7fa1c15b-4627-42b8-8974-4a072bb8c850-3af58836-e6f9-4c87-a371-f723f782bc76\" type=\"button\" role=\"tab\" aria-controls=\"t-7fa1c15b-4627-42b8-8974-4a072bb8c850-3af58836-e6f9-4c87-a371-f723f782bc76\" aria-selected=\"true\">Toutes les organisations<\/button><\/li><li class=\"nav-item\" role=\"presentation\"><button data-hash=\"#organisations-donatrices\" class=\"nav-link\" id=\"t-7fa1c15b-4627-42b8-8974-4a072bb8c850-3708ac60-fec9-4714-95f6-0c8073f3d484-tab\" data-bs-toggle=\"tab\" data-bs-target=\"#t-7fa1c15b-4627-42b8-8974-4a072bb8c850-3708ac60-fec9-4714-95f6-0c8073f3d484\" type=\"button\" role=\"tab\" aria-controls=\"t-7fa1c15b-4627-42b8-8974-4a072bb8c850-3708ac60-fec9-4714-95f6-0c8073f3d484\">Organisations donatrices<\/button><\/li><li class=\"nav-item\" role=\"presentation\"><button data-hash=\"#organisations-a-but-non-lucratif\" class=\"nav-link\" id=\"t-7fa1c15b-4627-42b8-8974-4a072bb8c850-ed6124a8-d9db-45c5-8181-be51919354f7-tab\" data-bs-toggle=\"tab\" data-bs-target=\"#t-7fa1c15b-4627-42b8-8974-4a072bb8c850-ed6124a8-d9db-45c5-8181-be51919354f7\" type=\"button\" role=\"tab\" aria-controls=\"t-7fa1c15b-4627-42b8-8974-4a072bb8c850-ed6124a8-d9db-45c5-8181-be51919354f7\">Organisations \u00e0 but non lucratif<\/button><\/li><\/ul>\n<div class=\"wp-block-custom-tabs tab-test tab-content\" id=\"t-7fa1c15b-4627-42b8-8974-4a072bb8c850\"><div class=\"wp-block-custom-tab-item tab-pane tab-item active\"\" id=\"t-7fa1c15b-4627-42b8-8974-4a072bb8c850-3af58836-e6f9-4c87-a371-f723f782bc76\" role=\"tabpanel\" aria-labelledby=\"t-7fa1c15b-4627-42b8-8974-4a072bb8c850-3af58836-e6f9-4c87-a371-f723f782bc76-tab\"><div id=\"algolia-search-515112c0-4485-43cc-9076-e9a42deee067\"><div class=\"hidden fields\">\n        <input type=\"hidden\" class=\"algoliaBlockNum\"  value=\"515112c0-4485-43cc-9076-e9a42deee067\" >\n        <input type=\"hidden\" class=\"searchURL\" value=\"?active=organizations&amp;layout=grid&amp;legalTypeFilters=[&quot;Stiftungen&quot;]&amp;checkedCantons=[&quot;BE&quot;]&amp;page=0 \" \/>\n        <input type=\"hidden\" class=\"algoliaPerPage\" value=\"20\">\n        <input type=\"hidden\" class=\"algoliaPerRow\" value=\"2\">\n        <input type=\"hidden\" class=\"maxResult\" value=\"3\">\n        <input type=\"hidden\" class=\"linkURL\" value=\"https:\/\/stiftungen.stiftungschweiz.ch\/organisation\">\n        <\/div><div id=\"algolia-filters-hierarchical-menu-515112c0-4485-43cc-9076-e9a42deee067\"><\/div><div id=\"searchbox-515112c0-4485-43cc-9076-e9a42deee067\" class=\"ais-SearchBox search d-none\"><\/div><div class=\"top-bar\"><div id=\"count-results-515112c0-4485-43cc-9076-e9a42deee067\"><\/div><div data-id=\"515112c0-4485-43cc-9076-e9a42deee067\" class=\"switch-view\"><a href=\"javascript:;\" class=\"horizontal\"><i class=\"icon-horizontal\"><\/i><\/a><a href=\"javascript:;\" class=\"cards\"><i class=\"icon-cards\"><\/i><\/a><\/div><\/div><div class=\"hits per-row-2\" id=\"hits-515112c0-4485-43cc-9076-e9a42deee067\"><\/div><div class=\"form-group text-center\" id=\"algolia-filters-navigation-515112c0-4485-43cc-9076-e9a42deee067\"><\/div><\/div>\n\n<p><\/p><\/div>\n\n<div class=\"wp-block-custom-tab-item tab-pane tab-item\" id=\"t-7fa1c15b-4627-42b8-8974-4a072bb8c850-3708ac60-fec9-4714-95f6-0c8073f3d484\" role=\"tabpanel\" aria-labelledby=\"t-7fa1c15b-4627-42b8-8974-4a072bb8c850-3708ac60-fec9-4714-95f6-0c8073f3d484-tab\"><div id=\"algolia-search-318840e3-3129-4963-86e5-64e6ab8da363\"><div class=\"hidden fields\">\n        <input type=\"hidden\" class=\"algoliaBlockNum\"  value=\"318840e3-3129-4963-86e5-64e6ab8da363\" >\n        <input type=\"hidden\" class=\"searchURL\" value=\"?active=grantmakers&amp;layout=grid&amp;checkedCantons=[&quot;BE&quot;]&amp;page=0\" \/>\n        <input type=\"hidden\" class=\"algoliaPerPage\" value=\"20\">\n        <input type=\"hidden\" class=\"algoliaPerRow\" value=\"2\">\n        <input type=\"hidden\" class=\"maxResult\" value=\"3\">\n        <input type=\"hidden\" class=\"linkURL\" value=\"https:\/\/stiftungen.stiftungschweiz.ch\/organisation\">\n        <\/div><div id=\"algolia-filters-hierarchical-menu-318840e3-3129-4963-86e5-64e6ab8da363\"><\/div><div id=\"searchbox-318840e3-3129-4963-86e5-64e6ab8da363\" class=\"ais-SearchBox search d-none\"><\/div><div class=\"top-bar\"><div id=\"count-results-318840e3-3129-4963-86e5-64e6ab8da363\"><\/div><div data-id=\"318840e3-3129-4963-86e5-64e6ab8da363\" class=\"switch-view\"><a href=\"javascript:;\" class=\"horizontal\"><i class=\"icon-horizontal\"><\/i><\/a><a href=\"javascript:;\" class=\"cards\"><i class=\"icon-cards\"><\/i><\/a><\/div><\/div><div class=\"hits per-row-2\" id=\"hits-318840e3-3129-4963-86e5-64e6ab8da363\"><\/div><div class=\"form-group text-center\" id=\"algolia-filters-navigation-318840e3-3129-4963-86e5-64e6ab8da363\"><\/div><\/div><\/div>\n\n<div class=\"wp-block-custom-tab-item tab-pane tab-item\" id=\"t-7fa1c15b-4627-42b8-8974-4a072bb8c850-ed6124a8-d9db-45c5-8181-be51919354f7\" role=\"tabpanel\" aria-labelledby=\"t-7fa1c15b-4627-42b8-8974-4a072bb8c850-ed6124a8-d9db-45c5-8181-be51919354f7-tab\"><div id=\"algolia-search-b31d9c12-19a0-405e-9f00-c7717c4d5731\"><div class=\"hidden fields\">\n        <input type=\"hidden\" class=\"algoliaBlockNum\"  value=\"b31d9c12-19a0-405e-9f00-c7717c4d5731\" >\n        <input type=\"hidden\" class=\"searchURL\" value=\"?active=project_owners&amp;layout=grid&amp;checkedCantons=[&quot;BE&quot;]&amp;page=0\" \/>\n        <input type=\"hidden\" class=\"algoliaPerPage\" value=\"20\">\n        <input type=\"hidden\" class=\"algoliaPerRow\" value=\"2\">\n        <input type=\"hidden\" class=\"maxResult\" value=\"3\">\n        <input type=\"hidden\" class=\"linkURL\" value=\"https:\/\/stiftungen.stiftungschweiz.ch\/organisation\">\n        <\/div><div id=\"algolia-filters-hierarchical-menu-b31d9c12-19a0-405e-9f00-c7717c4d5731\"><\/div><div id=\"searchbox-b31d9c12-19a0-405e-9f00-c7717c4d5731\" class=\"ais-SearchBox search d-none\"><\/div><div class=\"top-bar\"><div id=\"count-results-b31d9c12-19a0-405e-9f00-c7717c4d5731\"><\/div><div data-id=\"b31d9c12-19a0-405e-9f00-c7717c4d5731\" class=\"switch-view\"><a href=\"javascript:;\" class=\"horizontal\"><i class=\"icon-horizontal\"><\/i><\/a><a href=\"javascript:;\" class=\"cards\"><i class=\"icon-cards\"><\/i><\/a><\/div><\/div><div class=\"hits per-row-2\" id=\"hits-b31d9c12-19a0-405e-9f00-c7717c4d5731\"><\/div><div class=\"form-group text-center\" id=\"algolia-filters-navigation-b31d9c12-19a0-405e-9f00-c7717c4d5731\"><\/div><\/div><\/div><\/div>\n<\/div>\n\t\t<\/div>\n\t<\/div>\n<\/div><div style=\"height:10px\" aria-hidden=\"true\" class=\"wp-block-spacer\"><\/div><div class=\"wp-block-cover alignfull is-light has-custom-content-position is-position-top-center\" style=\"min-height:204px;aspect-ratio:unset;\"><span aria-hidden=\"true\" class=\"wp-block-cover__background has-background-dim-100 has-background-dim\" style=\"background-color:#f7f7f7\"><\/span><div class=\"wp-block-cover__inner-container is-layout-constrained wp-block-cover-is-layout-constrained\"><div class=\"wp-bootstrap-blocks-row row\">\n\t\n<div class=\"col-12 col-md-12\">\n\t\t\t\n<h2 class=\"wp-block-heading\">Fondations \u00e0 Berne : un paysage de fondations vari\u00e9<\/h2>\n\n<p>Les collecteurs de fonds qui cherchent des fondations appropri\u00e9es pour des projets dans le canton de Berne n&rsquo;ont que l&#8217;embarras du choix : plus de <strong>10% de toutes les fondations suisses ont leur si\u00e8ge \u00e0 Berne<\/strong>, il y a en tout <strong>1&rsquo;409 fondations<\/strong> dans le canton. Vu la diversit\u00e9 des fondations dans le canton, il n&rsquo;est pas facile de garder une vue d&rsquo;ensemble et de trouver des fondations pertinentes qui entrent en ligne de compte pour un soutien. Les annuaires et r\u00e9seaux de fondations mettent en relation les personnes, les collecteurs de fonds et les organisations donatrices facilitant ainsi la recherche de l&rsquo;organisation appropri\u00e9e et d&rsquo;un projet \u00e9ligible. La plupart des fondations du canton de Berne sont exclusivement actives dans le canton et ne soutiennent donc que des projets ayant un lien direct avec le canton. Pour obtenir des aides financi\u00e8res et un soutien pour votre projet de la part de fondations bernoises, vous devriez donc travailler en priorit\u00e9 dans la r\u00e9gion ou \u00e0 partir de celle-ci.<\/p>\n\n<h3 class=\"wp-block-heading\">Organisations donatrices, associations d&rsquo;utilit\u00e9 publique &amp; projets \u00e0 Berne<\/h3>\n\n<p>Le rapport sur les fondations suisses constate une nette augmentation du paysage des fondations \u00e0 Berne pour l&rsquo;ann\u00e9e 2022. Le <strong>nombre de fondations pour 10&rsquo;000 habitants est de 13,4<\/strong>. Les principaux domaines des fondations nouvellement cr\u00e9\u00e9es \u00e0 Berne sont les services sociaux, la formation et la recherche ainsi que la culture et les loisirs. 12% de toutes les nouvelles fondations bernoises cr\u00e9\u00e9es en 2019 se concentrent sur des th\u00e8mes environnementaux. Sur l&rsquo;ensemble des fondations suisses, le domaine de l&rsquo;environnement ne repr\u00e9sente que 6%. Cette tendance claire suit les pr\u00e9occupations actuelles de la soci\u00e9t\u00e9 dans son ensemble et participe \u00e0 sa conception et \u00e0 son \u00e9tablissement. Les projets et associations de protection de l&rsquo;environnement au niveau mondial et cantonal se multiplient \u00e9galement ces derni\u00e8res ann\u00e9es. Les annuaires de fondations comme Spheriq.ch permettent aux projets, aux organisations \u00e0 but non lucratif et aux organisations donatrices de se rencontrer facilement. La codification par domaines th\u00e9matiques et groupes cibles ainsi que d&rsquo;autres filtres, tels que le domaine d&rsquo;action ou le domicile, permettent de cibler la recherche d&rsquo;une organisation ou d&rsquo;un projet. Spheriq et d&rsquo;autres plateformes num\u00e9riques informent en outre sur les nouveaut\u00e9s et les \u00e9v\u00e8nements actuels dans le paysage des fondations.<\/p>\n\n<div class=\"wp-block-cover alignfull is-light\" style=\"min-height:50px;aspect-ratio:unset;\"><span aria-hidden=\"true\" class=\"wp-block-cover__background has-background-dim-100 has-background-dim has-background-gradient\" style=\"background:linear-gradient(114deg,rgba(255,0,255,0.32) 0%,rgba(255,0,0,0.65) 98%)\"><\/span><div class=\"wp-block-cover__inner-container is-layout-constrained wp-block-cover-is-layout-constrained\"><div class=\"wp-bootstrap-blocks-row row justify-content-center align-items-center\">\n\t\n<div class=\"col-12 col-md-4\">\n\t\t\t\n<p class=\"has-text-align-center has-size-24-font-size\" style=\"line-height:1.1\">Utilisez la fonction de recherche et cr\u00e9ez des profils en ligne pour votre organisation et vos projets &#8211; <strong>gratuitement<\/strong>.<\/p>\n\t<\/div>\n\n<div class=\"col-12 col-md-4\">\n\t\t\t\n<div class=\"wp-block-buttons is-content-justification-center is-layout-flex wp-container-core-buttons-is-layout-a89b3969 wp-block-buttons-is-layout-flex\"><div class=\"wp-block-button is-style-btn-primary is-style-btn-primary--1\"><a class=\"wp-block-button__link wp-element-button\" href=\"https:\/\/app.spheriq.ch\/registrieren\">Inscrivez-vous gratuitement d\u00e8s maintenant<\/a><\/div><\/div>\n\t<\/div>\n<\/div><\/div><\/div>\n\n<h3 class=\"wp-block-heading\">Recherche de fonds pour la Suisse romande &amp; al\u00e9manique : fondations bilingues \u00e0 Berne<\/h3>\n\n<p><strong>De nombreuses fondations bilingues<\/strong> sont \u00e9tablies \u00e0 Berne. Les demandes de la Suisse romande et de la Suisse al\u00e9manique sont accept\u00e9es de la m\u00eame mani\u00e8re. Berne est \u00e9galement un site int\u00e9ressant pour les collecteurs de fonds de France et d&rsquo;Allemagne. En cas de coop\u00e9ration transfrontali\u00e8re, il convient toutefois de tenir compte des distinctions en mati\u00e8re de droit civil et fiscal. Le droit des fondations diff\u00e8re parfois fondamentalement d&rsquo;un pays \u00e0 l&rsquo;autre.<\/p>\n\t<\/div>\n<\/div><\/div><\/div>","protected":false},"excerpt":{"rendered":"","protected":false},"author":2,"featured_media":0,"parent":6315,"menu_order":0,"comment_status":"closed","ping_status":"closed","template":"","meta":{"_acf_changed":false,"footnotes":""},"class_list":["post-8455","page","type-page","status-publish","hentry"],"acf":[],"yoast_head":"<!-- This site is optimized with the Yoast SEO plugin v26.9 - https:\/\/yoast.com\/product\/yoast-seo-wordpress\/ -->\n<title>Fondations Berne<\/title>\n<meta name=\"description\" content=\"Fondations \u00e0 Berne \u2705 Encouragements, recherche de fonds &amp; bourses \u2705 Aides financi\u00e8res, projets &amp; fonds \u2705 R\u00e9pertoire &amp; r\u00e9seau des fondations \u2705.\" \/>\n<meta name=\"robots\" content=\"index, follow, max-snippet:-1, max-image-preview:large, max-video-preview:-1\" \/>\n<link rel=\"canonical\" href=\"https:\/\/spheriq.ch\/fr\/repertoire-des-fondations\/fondations-a-berne\/\" \/>\n<meta property=\"og:locale\" content=\"fr_FR\" \/>\n<meta property=\"og:type\" content=\"article\" \/>\n<meta property=\"og:title\" content=\"Fondations Berne\" \/>\n<meta property=\"og:description\" content=\"Fondations \u00e0 Berne \u2705 Encouragements, recherche de fonds &amp; bourses \u2705 Aides financi\u00e8res, projets &amp; fonds \u2705 R\u00e9pertoire &amp; r\u00e9seau des fondations \u2705.\" \/>\n<meta property=\"og:url\" content=\"https:\/\/spheriq.ch\/fr\/repertoire-des-fondations\/fondations-a-berne\/\" \/>\n<meta property=\"og:site_name\" content=\"Spheriq\" \/>\n<meta property=\"article:modified_time\" content=\"2023-12-18T17:52:26+00:00\" \/>\n<meta name=\"twitter:card\" content=\"summary_large_image\" \/>\n<meta name=\"twitter:label1\" content=\"Dur\u00e9e de lecture estim\u00e9e\" \/>\n\t<meta name=\"twitter:data1\" content=\"4 minutes\" \/>\n<script type=\"application\/ld+json\" class=\"yoast-schema-graph\">{\"@context\":\"https:\/\/schema.org\",\"@graph\":[{\"@type\":\"WebPage\",\"@id\":\"https:\/\/spheriq.ch\/fr\/repertoire-des-fondations\/fondations-a-berne\/\",\"url\":\"https:\/\/spheriq.ch\/fr\/repertoire-des-fondations\/fondations-a-berne\/\",\"name\":\"Fondations Berne\",\"isPartOf\":{\"@id\":\"https:\/\/spheriq.ch\/fr\/#website\"},\"datePublished\":\"2023-01-13T11:49:57+00:00\",\"dateModified\":\"2023-12-18T17:52:26+00:00\",\"description\":\"Fondations \u00e0 Berne \u2705 Encouragements, recherche de fonds & bourses \u2705 Aides financi\u00e8res, projets & fonds \u2705 R\u00e9pertoire & r\u00e9seau des fondations \u2705.\",\"breadcrumb\":{\"@id\":\"https:\/\/spheriq.ch\/fr\/repertoire-des-fondations\/fondations-a-berne\/#breadcrumb\"},\"inLanguage\":\"fr-FR\",\"potentialAction\":[{\"@type\":\"ReadAction\",\"target\":[\"https:\/\/spheriq.ch\/fr\/repertoire-des-fondations\/fondations-a-berne\/\"]}]},{\"@type\":\"BreadcrumbList\",\"@id\":\"https:\/\/spheriq.ch\/fr\/repertoire-des-fondations\/fondations-a-berne\/#breadcrumb\",\"itemListElement\":[{\"@type\":\"ListItem\",\"position\":1,\"name\":\"Home\",\"item\":\"https:\/\/spheriq.ch\/fr\/\"},{\"@type\":\"ListItem\",\"position\":2,\"name\":\"R\u00e9pertoire des fondations\",\"item\":\"https:\/\/spheriq.ch\/fr\/repertoire-des-fondations\/\"},{\"@type\":\"ListItem\",\"position\":3,\"name\":\"Fondations \u00e0 Berne\"}]},{\"@type\":\"WebSite\",\"@id\":\"https:\/\/spheriq.ch\/fr\/#website\",\"url\":\"https:\/\/spheriq.ch\/fr\/\",\"name\":\"Spheriq\",\"description\":\"Spheriq | Online-Portal f\u00fcr Philanthropie\",\"potentialAction\":[{\"@type\":\"SearchAction\",\"target\":{\"@type\":\"EntryPoint\",\"urlTemplate\":\"https:\/\/spheriq.ch\/fr\/?s={search_term_string}\"},\"query-input\":{\"@type\":\"PropertyValueSpecification\",\"valueRequired\":true,\"valueName\":\"search_term_string\"}}],\"inLanguage\":\"fr-FR\"}]}<\/script>\n<!-- \/ Yoast SEO plugin. -->","yoast_head_json":{"title":"Fondations Berne","description":"Fondations \u00e0 Berne \u2705 Encouragements, recherche de fonds & bourses \u2705 Aides financi\u00e8res, projets & fonds \u2705 R\u00e9pertoire & r\u00e9seau des fondations \u2705.","robots":{"index":"index","follow":"follow","max-snippet":"max-snippet:-1","max-image-preview":"max-image-preview:large","max-video-preview":"max-video-preview:-1"},"canonical":"https:\/\/spheriq.ch\/fr\/repertoire-des-fondations\/fondations-a-berne\/","og_locale":"fr_FR","og_type":"article","og_title":"Fondations Berne","og_description":"Fondations \u00e0 Berne \u2705 Encouragements, recherche de fonds & bourses \u2705 Aides financi\u00e8res, projets & fonds \u2705 R\u00e9pertoire & r\u00e9seau des fondations \u2705.","og_url":"https:\/\/spheriq.ch\/fr\/repertoire-des-fondations\/fondations-a-berne\/","og_site_name":"Spheriq","article_modified_time":"2023-12-18T17:52:26+00:00","twitter_card":"summary_large_image","twitter_misc":{"Dur\u00e9e de lecture estim\u00e9e":"4 minutes"},"schema":{"@context":"https:\/\/schema.org","@graph":[{"@type":"WebPage","@id":"https:\/\/spheriq.ch\/fr\/repertoire-des-fondations\/fondations-a-berne\/","url":"https:\/\/spheriq.ch\/fr\/repertoire-des-fondations\/fondations-a-berne\/","name":"Fondations Berne","isPartOf":{"@id":"https:\/\/spheriq.ch\/fr\/#website"},"datePublished":"2023-01-13T11:49:57+00:00","dateModified":"2023-12-18T17:52:26+00:00","description":"Fondations \u00e0 Berne \u2705 Encouragements, recherche de fonds & bourses \u2705 Aides financi\u00e8res, projets & fonds \u2705 R\u00e9pertoire & r\u00e9seau des fondations \u2705.","breadcrumb":{"@id":"https:\/\/spheriq.ch\/fr\/repertoire-des-fondations\/fondations-a-berne\/#breadcrumb"},"inLanguage":"fr-FR","potentialAction":[{"@type":"ReadAction","target":["https:\/\/spheriq.ch\/fr\/repertoire-des-fondations\/fondations-a-berne\/"]}]},{"@type":"BreadcrumbList","@id":"https:\/\/spheriq.ch\/fr\/repertoire-des-fondations\/fondations-a-berne\/#breadcrumb","itemListElement":[{"@type":"ListItem","position":1,"name":"Home","item":"https:\/\/spheriq.ch\/fr\/"},{"@type":"ListItem","position":2,"name":"R\u00e9pertoire des fondations","item":"https:\/\/spheriq.ch\/fr\/repertoire-des-fondations\/"},{"@type":"ListItem","position":3,"name":"Fondations \u00e0 Berne"}]},{"@type":"WebSite","@id":"https:\/\/spheriq.ch\/fr\/#website","url":"https:\/\/spheriq.ch\/fr\/","name":"Spheriq","description":"Spheriq | Online-Portal f\u00fcr Philanthropie","potentialAction":[{"@type":"SearchAction","target":{"@type":"EntryPoint","urlTemplate":"https:\/\/spheriq.ch\/fr\/?s={search_term_string}"},"query-input":{"@type":"PropertyValueSpecification","valueRequired":true,"valueName":"search_term_string"}}],"inLanguage":"fr-FR"}]}},"_links":{"self":[{"href":"https:\/\/spheriq.ch\/fr\/wp-json\/wp\/v2\/pages\/8455","targetHints":{"allow":["GET"]}}],"collection":[{"href":"https:\/\/spheriq.ch\/fr\/wp-json\/wp\/v2\/pages"}],"about":[{"href":"https:\/\/spheriq.ch\/fr\/wp-json\/wp\/v2\/types\/page"}],"author":[{"embeddable":true,"href":"https:\/\/spheriq.ch\/fr\/wp-json\/wp\/v2\/users\/2"}],"replies":[{"embeddable":true,"href":"https:\/\/spheriq.ch\/fr\/wp-json\/wp\/v2\/comments?post=8455"}],"version-history":[{"count":7,"href":"https:\/\/spheriq.ch\/fr\/wp-json\/wp\/v2\/pages\/8455\/revisions"}],"predecessor-version":[{"id":14168,"href":"https:\/\/spheriq.ch\/fr\/wp-json\/wp\/v2\/pages\/8455\/revisions\/14168"}],"up":[{"embeddable":true,"href":"https:\/\/spheriq.ch\/fr\/wp-json\/wp\/v2\/pages\/6315"}],"wp:attachment":[{"href":"https:\/\/spheriq.ch\/fr\/wp-json\/wp\/v2\/media?parent=8455"}],"curies":[{"name":"wp","href":"https:\/\/api.w.org\/{rel}","templated":true}]}}