{"id":8113,"date":"2023-01-13T14:05:37","date_gmt":"2023-01-13T14:05:37","guid":{"rendered":"https:\/\/spheriq.ch\/repertoire-des-fondations\/fondations-en-suisse-orientale-activites-regionales\/"},"modified":"2023-12-18T12:39:32","modified_gmt":"2023-12-18T12:39:32","slug":"fondations-en-suisse-orientale-activites-regionales","status":"publish","type":"page","link":"https:\/\/spheriq.ch\/fr\/repertoire-des-fondations\/fondations-en-suisse-orientale-activites-regionales\/","title":{"rendered":"Fondations en Suisse orientale : activit\u00e9s r\u00e9gionales"},"content":{"rendered":"<div class=\"wp-block-cover alignfull is-light has-custom-content-position is-position-top-center\" style=\"min-height:196px;aspect-ratio:unset;\"><span aria-hidden=\"true\" class=\"wp-block-cover__background has-background-dim-100 has-background-dim\" style=\"background-color:#f7f7f7\"><\/span><div class=\"wp-block-cover__inner-container is-layout-constrained wp-block-cover-is-layout-constrained\"><h1 class=\"wp-block-heading\">Fondations en Suisse orientale<\/h1>\n\n<p class=\"has-size-20-font-size\">Selon le rapport sur les fondations suisses, 13&rsquo;635 fondations actives sont r\u00e9parties dans toute la Suisse fin 2022. 1&rsquo;686 d&rsquo;entre eux se trouvent en Suisse orientale. Ainsi, cette r\u00e9gion regroupe environ 12 pour cent des organisations suisses donatrices et \u00e0 but non lucratif.<\/p><\/div><\/div><div class=\"wp-bootstrap-blocks-row row\">\n\t\n<div class=\"col-12 col-md-4\">\n\t\t\t<div class=\"p-3\">\n\t\t\t\n<div class=\"wp-block-custom-tree\"><div class=\"wp-block-custom-item-tree fat\"><span class=\"title\">Annuaire r\u00e9gional des fondations<\/span><span class=\"count\"><\/span><\/div>\n\n<div class=\"wp-block-custom-item-tree\"><a href=\"https:\/\/spheriq.ch\/fr\/?page_id=8105\"><span class=\"title\">Fondations de la r\u00e9gion l\u00e9manique<\/span><span class=\"count\"><\/span><\/a><\/div>\n\n<div class=\"wp-block-custom-tree\"><div class=\"wp-block-custom-item-tree\"><a href=\"https:\/\/spheriq.ch\/fr\/?page_id=7910\"><span class=\"title\">Fondations dans le canton de Gen\u00e8ve<\/span><span class=\"count\"><\/span><\/a><\/div>\n\n<div class=\"wp-block-custom-item-tree\"><a href=\"https:\/\/spheriq.ch\/stiftungsverzeichnis\/stiftungen-waadt\/\"><span class=\"title\">Fondations dans le canton de Vaud<\/span><span class=\"count\"><\/span><\/a><\/div>\n\n<div class=\"wp-block-custom-item-tree\"><a href=\"https:\/\/spheriq.ch\/stiftungsverzeichnis\/stiftungen-wallis\/\"><span class=\"title\">Fondations dans le canton du Valais<\/span><span class=\"count\"><\/span><\/a><\/div><\/div><\/div>\n\n<div class=\"wp-block-custom-tree\"><div class=\"wp-block-custom-item-tree\"><a href=\"https:\/\/spheriq.ch\/stiftungsverzeichnis\/stiftungen-espace-mittelland\/\"><span class=\"title\">Fondations Espace Mittelland<\/span><span class=\"count\"><\/span><\/a><\/div>\n\n<div class=\"wp-block-custom-tree\"><div class=\"wp-block-custom-item-tree\"><a href=\"https:\/\/spheriq.ch\/stiftungsverzeichnis\/stiftungen-bern\/\"><span class=\"title\">Fondations dans le canton de Berne<\/span><span class=\"count\"><\/span><\/a><\/div>\n\n<div class=\"wp-block-custom-item-tree\"><a href=\"https:\/\/spheriq.ch\/stiftungsverzeichnis\/stiftungen-freiburg\/\"><span class=\"title\">Fondations dans le canton de Fribourg<\/span><span class=\"count\"><\/span><\/a><\/div>\n\n<div class=\"wp-block-custom-item-tree\"><a href=\"https:\/\/spheriq.ch\/fr\/?page_id=8099\"><span class=\"title\">Fondations dans le canton de Soleure<\/span><span class=\"count\"><\/span><\/a><\/div>\n\n<div class=\"wp-block-custom-item-tree\"><a href=\"https:\/\/spheriq.ch\/stiftungsverzeichnis\/stiftungen-neuenburg\/\"><span class=\"title\">Fondations dans le canton de Neuch\u00e2tel<\/span><span class=\"count\"><\/span><\/a><\/div>\n\n<div class=\"wp-block-custom-item-tree\"><a href=\"https:\/\/spheriq.ch\/stiftungsverzeichnis\/stiftungen-jura\/\"><span class=\"title\">Fondations dans le canton du Jura<\/span><span class=\"count\"><\/span><\/a><\/div><\/div><\/div>\n\n<div class=\"wp-block-custom-tree\"><div class=\"wp-block-custom-item-tree\"><a href=\"https:\/\/spheriq.ch\/stiftungsverzeichnis\/stiftungen-nordwestschweiz\/\"><span class=\"title\">Fondations du nord-ouest de la Suisse<\/span><span class=\"count\"><\/span><\/a><\/div>\n\n<div class=\"wp-block-custom-tree\"><div class=\"wp-block-custom-item-tree\"><a href=\"https:\/\/spheriq.ch\/stiftungsverzeichnis\/stiftungen-basel\/\"><span class=\"title\">Fondations dans le canton de B\u00e2le-Ville<\/span><span class=\"count\"><\/span><\/a><\/div>\n\n<div class=\"wp-block-custom-item-tree\"><a href=\"https:\/\/spheriq.ch\/stiftungsverzeichnis\/stiftungen-basel-landschaft\/\"><span class=\"title\">Fondations dans le canton de B\u00e2le-Campagne<\/span><span class=\"count\"><\/span><\/a><\/div>\n\n<div class=\"wp-block-custom-item-tree\"><a href=\"https:\/\/spheriq.ch\/fr\/?page_id=7890\"><span class=\"title\">Fondations dans le canton d&rsquo;Argovie<\/span><span class=\"count\"><\/span><\/a><\/div><\/div>\n\n<div class=\"wp-block-custom-item-tree\"><a href=\"https:\/\/spheriq.ch\/stiftungsverzeichnis\/stiftungen-zuerich\/\"><span class=\"title\">Fondations Zurich<\/span><span class=\"count\"><\/span><\/a><\/div>\n\n<div class=\"wp-block-custom-item-tree\"><a href=\"https:\/\/spheriq.ch\/fr\/repertoire-des-fondations\/fondations-en-suisse-orientale-activites-regionales\/\"><span class=\"title\">Fondations de Suisse orientale<\/span><span class=\"count\"><\/span><\/a><\/div><\/div>\n\n<div class=\"wp-block-custom-tree\"><div class=\"wp-block-custom-tree\"><div class=\"wp-block-custom-item-tree\"><a href=\"https:\/\/spheriq.ch\/stiftungsverzeichnis\/stiftungen-stgallen\/\"><span class=\"title\">Fondations dans le canton de Saint-Gall<\/span><span class=\"count\"><\/span><\/a><\/div>\n\n<div class=\"wp-block-custom-item-tree\"><a href=\"https:\/\/spheriq.ch\/stiftungsverzeichnis\/stiftungen-thurgau\/\"><span class=\"title\">Fondations dans le canton de Thurgovie<\/span><span class=\"count\"><\/span><\/a><\/div>\n\n<div class=\"wp-block-custom-item-tree\"><a href=\"https:\/\/spheriq.ch\/stiftungsverzeichnis\/stiftungen-appenzell-innerrhoden\/\"><span class=\"title\">Fondations dans le canton d&rsquo;Appenzell Rhodes-Int\u00e9rieures<\/span><span class=\"count\"><\/span><\/a><\/div>\n\n<div class=\"wp-block-custom-item-tree\"><a href=\"https:\/\/spheriq.ch\/fr\/?page_id=7905\"><span class=\"title\">Fondations dans le canton d&rsquo;Appenzell Rhodes-Ext\u00e9rieures<\/span><span class=\"count\"><\/span><\/a><\/div>\n\n<div class=\"wp-block-custom-item-tree\"><a href=\"https:\/\/spheriq.ch\/stiftungsverzeichnis\/stiftungen-glarus\/\"><span class=\"title\">Fondations dans le canton de Glaris<\/span><span class=\"count\"><\/span><\/a><\/div>\n\n<div class=\"wp-block-custom-item-tree\"><a href=\"https:\/\/spheriq.ch\/stiftungsverzeichnis\/stiftungen-schaffhausen\/\"><span class=\"title\">Fondations dans le canton de Schaffhouse<\/span><span class=\"count\"><\/span><\/a><\/div>\n\n<div class=\"wp-block-custom-item-tree\"><a href=\"https:\/\/spheriq.ch\/stiftungsverzeichnis\/stiftungen-graubuenden\/\"><span class=\"title\">Fondations dans le canton des Grisons<\/span><span class=\"count\"><\/span><\/a><\/div><\/div>\n\n<div class=\"wp-block-custom-item-tree\"><a href=\"https:\/\/spheriq.ch\/stiftungsverzeichnis\/stiftungen-zentralschweiz\/\"><span class=\"title\">Fondations Suisse centrale<\/span><span class=\"count\"><\/span><\/a><\/div>\n\n<div class=\"wp-block-custom-tree\"><div class=\"wp-block-custom-item-tree\"><a href=\"https:\/\/spheriq.ch\/stiftungsverzeichnis\/stiftungen-luzern\/\"><span class=\"title\">Fondations dans le canton de Lucerne<\/span><span class=\"count\"><\/span><\/a><\/div>\n\n<div class=\"wp-block-custom-item-tree\"><a href=\"https:\/\/spheriq.ch\/fr\/?page_id=8093\"><span class=\"title\">Fondations dans le canton d&rsquo;Uri<\/span><span class=\"count\"><\/span><\/a><\/div>\n\n<div class=\"wp-block-custom-item-tree\"><a href=\"https:\/\/spheriq.ch\/stiftungsverzeichnis\/stiftungen-schwyz\/\"><span class=\"title\">Fondations dans le canton de Schwyz<\/span><span class=\"count\"><\/span><\/a><\/div>\n\n<div class=\"wp-block-custom-item-tree\"><a href=\"https:\/\/spheriq.ch\/stiftungsverzeichnis\/stiftungen-obwalden\/\"><span class=\"title\">Fondations dans le canton d&rsquo;Obwald<\/span><span class=\"count\"><\/span><\/a><\/div>\n\n<div class=\"wp-block-custom-item-tree\"><a href=\"https:\/\/spheriq.ch\/stiftungsverzeichnis\/stiftungen-nidwalden\/\"><span class=\"title\">Fondations dans le canton de Nidwald<\/span><span class=\"count\"><\/span><\/a><\/div>\n\n<div class=\"wp-block-custom-item-tree\"><a href=\"https:\/\/spheriq.ch\/stiftungsverzeichnis\/stiftungen-zug\/\"><span class=\"title\">Fondations dans le canton de Zoug<\/span><span class=\"count\"><\/span><\/a><\/div><\/div>\n\n<div class=\"wp-block-custom-item-tree\"><a href=\"https:\/\/spheriq.ch\/stiftungsverzeichnis\/stiftungen-tessin\/\"><span class=\"title\">Fondations Tessin<\/span><span class=\"count\"><\/span><\/a><\/div><\/div>\n\t\t<\/div>\n\t<\/div>\n\n<div class=\"col-12 col-md-8\">\n\t\t\t<div class=\"p-3\">\n\t\t\t\n<div class=\"container\"><ul class=\"nav nav-tabs\" role=\"tablist\"><li class=\"nav-item\" role=\"presentation\"><button data-hash=\"#toutes-les-organisations\" class=\"nav-link active\" id=\"t-640c887b-d246-4911-9a58-2be9da5b7e9d-eb8558b6-22dc-4a52-bec2-4366a2788111-tab\" data-bs-toggle=\"tab\" data-bs-target=\"#t-640c887b-d246-4911-9a58-2be9da5b7e9d-eb8558b6-22dc-4a52-bec2-4366a2788111\" type=\"button\" role=\"tab\" aria-controls=\"t-640c887b-d246-4911-9a58-2be9da5b7e9d-eb8558b6-22dc-4a52-bec2-4366a2788111\" aria-selected=\"true\">Toutes les organisations<\/button><\/li><li class=\"nav-item\" role=\"presentation\"><button data-hash=\"#organisations-donatrices\" class=\"nav-link\" id=\"t-640c887b-d246-4911-9a58-2be9da5b7e9d-338d5e9e-f849-40a1-abb7-fd5b4246acc8-tab\" data-bs-toggle=\"tab\" data-bs-target=\"#t-640c887b-d246-4911-9a58-2be9da5b7e9d-338d5e9e-f849-40a1-abb7-fd5b4246acc8\" type=\"button\" role=\"tab\" aria-controls=\"t-640c887b-d246-4911-9a58-2be9da5b7e9d-338d5e9e-f849-40a1-abb7-fd5b4246acc8\">Organisations donatrices<\/button><\/li><li class=\"nav-item\" role=\"presentation\"><button data-hash=\"#organisations-a-but-non-lucratif\" class=\"nav-link\" id=\"t-640c887b-d246-4911-9a58-2be9da5b7e9d-29ab8366-369f-449f-a7d4-db1b52248040-tab\" data-bs-toggle=\"tab\" data-bs-target=\"#t-640c887b-d246-4911-9a58-2be9da5b7e9d-29ab8366-369f-449f-a7d4-db1b52248040\" type=\"button\" role=\"tab\" aria-controls=\"t-640c887b-d246-4911-9a58-2be9da5b7e9d-29ab8366-369f-449f-a7d4-db1b52248040\">Organisations \u00e0 but non lucratif<\/button><\/li><\/ul>\n<div class=\"wp-block-custom-tabs tab-test tab-content\" id=\"t-640c887b-d246-4911-9a58-2be9da5b7e9d\"><div class=\"wp-block-custom-tab-item tab-pane tab-item active\"\" id=\"t-640c887b-d246-4911-9a58-2be9da5b7e9d-eb8558b6-22dc-4a52-bec2-4366a2788111\" role=\"tabpanel\" aria-labelledby=\"t-640c887b-d246-4911-9a58-2be9da5b7e9d-eb8558b6-22dc-4a52-bec2-4366a2788111-tab\"><div id=\"algolia-search-3eac63bf-c1ea-4e10-9b7b-7e8c1270ccc0\"><div class=\"hidden fields\">\n        <input type=\"hidden\" class=\"algoliaBlockNum\"  value=\"3eac63bf-c1ea-4e10-9b7b-7e8c1270ccc0\" >\n        <input type=\"hidden\" class=\"searchURL\" value=\"?active=organizations&amp;layout=grid&amp;legalTypeFilters=[&quot;Stiftungen&quot;]&amp;checkedCantons=[&quot;GL&quot;%2C&quot;TG&quot;%2C&quot;SH&quot;%2C&quot;AR&quot;%2C&quot;AI&quot;%2C&quot;SG&quot;%2C&quot;GR&quot;]&amp;page=0 \" \/>\n        <input type=\"hidden\" class=\"algoliaPerPage\" value=\"20\">\n        <input type=\"hidden\" class=\"algoliaPerRow\" value=\"2\">\n        <input type=\"hidden\" class=\"maxResult\" value=\"3\">\n        <input type=\"hidden\" class=\"linkURL\" value=\"https:\/\/stiftungen.stiftungschweiz.ch\/organisation\">\n        <\/div><div id=\"algolia-filters-hierarchical-menu-3eac63bf-c1ea-4e10-9b7b-7e8c1270ccc0\"><\/div><div id=\"searchbox-3eac63bf-c1ea-4e10-9b7b-7e8c1270ccc0\" class=\"ais-SearchBox search d-none\"><\/div><div class=\"top-bar\"><div id=\"count-results-3eac63bf-c1ea-4e10-9b7b-7e8c1270ccc0\"><\/div><div data-id=\"3eac63bf-c1ea-4e10-9b7b-7e8c1270ccc0\" class=\"switch-view\"><a href=\"javascript:;\" class=\"horizontal\"><i class=\"icon-horizontal\"><\/i><\/a><a href=\"javascript:;\" class=\"cards\"><i class=\"icon-cards\"><\/i><\/a><\/div><\/div><div class=\"hits per-row-2\" id=\"hits-3eac63bf-c1ea-4e10-9b7b-7e8c1270ccc0\"><\/div><div class=\"form-group text-center\" id=\"algolia-filters-navigation-3eac63bf-c1ea-4e10-9b7b-7e8c1270ccc0\"><\/div><\/div>\n\n<p><\/p><\/div>\n\n<div class=\"wp-block-custom-tab-item tab-pane tab-item\" id=\"t-640c887b-d246-4911-9a58-2be9da5b7e9d-338d5e9e-f849-40a1-abb7-fd5b4246acc8\" role=\"tabpanel\" aria-labelledby=\"t-640c887b-d246-4911-9a58-2be9da5b7e9d-338d5e9e-f849-40a1-abb7-fd5b4246acc8-tab\"><div id=\"algolia-search-4dcb281f-9c2b-449e-a97b-c5264999deca\"><div class=\"hidden fields\">\n        <input type=\"hidden\" class=\"algoliaBlockNum\"  value=\"4dcb281f-9c2b-449e-a97b-c5264999deca\" >\n        <input type=\"hidden\" class=\"searchURL\" value=\"?active=grantmakers&amp;layout=grid&amp;checkedCantons=[&quot;GL&quot;%2C&quot;TG&quot;%2C&quot;SH&quot;%2C&quot;AR&quot;%2C&quot;AI&quot;%2C&quot;SG&quot;%2C&quot;GR&quot;]&amp;page=0\" \/>\n        <input type=\"hidden\" class=\"algoliaPerPage\" value=\"20\">\n        <input type=\"hidden\" class=\"algoliaPerRow\" value=\"2\">\n        <input type=\"hidden\" class=\"maxResult\" value=\"3\">\n        <input type=\"hidden\" class=\"linkURL\" value=\"https:\/\/stiftungen.stiftungschweiz.ch\/organisation\">\n        <\/div><div id=\"algolia-filters-hierarchical-menu-4dcb281f-9c2b-449e-a97b-c5264999deca\"><\/div><div id=\"searchbox-4dcb281f-9c2b-449e-a97b-c5264999deca\" class=\"ais-SearchBox search d-none\"><\/div><div class=\"top-bar\"><div id=\"count-results-4dcb281f-9c2b-449e-a97b-c5264999deca\"><\/div><div data-id=\"4dcb281f-9c2b-449e-a97b-c5264999deca\" class=\"switch-view\"><a href=\"javascript:;\" class=\"horizontal\"><i class=\"icon-horizontal\"><\/i><\/a><a href=\"javascript:;\" class=\"cards\"><i class=\"icon-cards\"><\/i><\/a><\/div><\/div><div class=\"hits per-row-2\" id=\"hits-4dcb281f-9c2b-449e-a97b-c5264999deca\"><\/div><div class=\"form-group text-center\" id=\"algolia-filters-navigation-4dcb281f-9c2b-449e-a97b-c5264999deca\"><\/div><\/div><\/div>\n\n<div class=\"wp-block-custom-tab-item tab-pane tab-item\" id=\"t-640c887b-d246-4911-9a58-2be9da5b7e9d-29ab8366-369f-449f-a7d4-db1b52248040\" role=\"tabpanel\" aria-labelledby=\"t-640c887b-d246-4911-9a58-2be9da5b7e9d-29ab8366-369f-449f-a7d4-db1b52248040-tab\"><div id=\"algolia-search-a0b32d35-5b38-4cb8-ae52-783f6eddbc71\"><div class=\"hidden fields\">\n        <input type=\"hidden\" class=\"algoliaBlockNum\"  value=\"a0b32d35-5b38-4cb8-ae52-783f6eddbc71\" >\n        <input type=\"hidden\" class=\"searchURL\" value=\"?active=project_owners&amp;layout=grid&amp;checkedCantons=[&quot;GL&quot;%2C&quot;TG&quot;%2C&quot;SH&quot;%2C&quot;AR&quot;%2C&quot;AI&quot;%2C&quot;SG&quot;%2C&quot;GR&quot;]&amp;page=0\" \/>\n        <input type=\"hidden\" class=\"algoliaPerPage\" value=\"20\">\n        <input type=\"hidden\" class=\"algoliaPerRow\" value=\"2\">\n        <input type=\"hidden\" class=\"maxResult\" value=\"3\">\n        <input type=\"hidden\" class=\"linkURL\" value=\"https:\/\/stiftungen.stiftungschweiz.ch\/organisation\">\n        <\/div><div id=\"algolia-filters-hierarchical-menu-a0b32d35-5b38-4cb8-ae52-783f6eddbc71\"><\/div><div id=\"searchbox-a0b32d35-5b38-4cb8-ae52-783f6eddbc71\" class=\"ais-SearchBox search d-none\"><\/div><div class=\"top-bar\"><div id=\"count-results-a0b32d35-5b38-4cb8-ae52-783f6eddbc71\"><\/div><div data-id=\"a0b32d35-5b38-4cb8-ae52-783f6eddbc71\" class=\"switch-view\"><a href=\"javascript:;\" class=\"horizontal\"><i class=\"icon-horizontal\"><\/i><\/a><a href=\"javascript:;\" class=\"cards\"><i class=\"icon-cards\"><\/i><\/a><\/div><\/div><div class=\"hits per-row-2\" id=\"hits-a0b32d35-5b38-4cb8-ae52-783f6eddbc71\"><\/div><div class=\"form-group text-center\" id=\"algolia-filters-navigation-a0b32d35-5b38-4cb8-ae52-783f6eddbc71\"><\/div><\/div><\/div><\/div>\n<\/div>\n\t\t<\/div>\n\t<\/div>\n<\/div><div class=\"wp-block-cover alignfull is-light has-custom-content-position is-position-top-center\" style=\"min-height:196px;aspect-ratio:unset;\"><span aria-hidden=\"true\" class=\"wp-block-cover__background has-background-dim-100 has-background-dim\" style=\"background-color:#f7f7f7\"><\/span><div class=\"wp-block-cover__inner-container is-layout-constrained wp-block-cover-is-layout-constrained\"><div class=\"wp-bootstrap-blocks-row row\">\n\t\n<div class=\"col-12 col-md-12\">\n\t\t\t\n<h2 class=\"wp-block-heading\">Fondations en Suisse orientale : activit\u00e9s r\u00e9gionales<\/h2>\n\n<p><\/p>\n\n<p>1&rsquo;686 &#8211; c&rsquo;est le nombre de fondations que comptent les cantons de Suisse orientale Thurgovie, Glaris, Schaffhouse, Appenzell Rhodes-Ext\u00e9rieures, Appenzell Rhodes-Int\u00e9rieures, Saint-Gall et Grisons r\u00e9unis. Selon le rapport sur les fondations suisses, 13&rsquo;635 fondations actives sont r\u00e9parties dans toute la Suisse fin 2022. Ainsi, cette r\u00e9gion regroupe environ 12 pour cent des organisations suisses donatrices et \u00e0 but non lucratif. Le nombre de fondations pourrait augmenter dans les ann\u00e9es \u00e0 venir. Dans les Grisons, par exemple, il y a eu neuf cr\u00e9ations d&rsquo;entreprises en 2022, mais seulement quatre liquidations. Avec 524 fondations, le canton devance de peu Saint-Gall avec 521 fondations. En termes de densit\u00e9 de fondations, le canton de Glaris \u00e9crase tous les autres cantons de Suisse orientale avec 28,2 fondations pour 10&rsquo;000 habitants. Si l&rsquo;on compare la densit\u00e9 des fondations de tous les cantons suisses, Glaris arrive m\u00eame en troisi\u00e8me position derri\u00e8re B\u00e2le-Ville et Zoug.<\/p>\n\n<h3 class=\"wp-block-heading has-size-24-font-size\">Culture &amp; loisirs, action sociale &amp; plus : orientation des fondations de Suisse orientale<\/h3>\n\n<p>La Suisse orientale offre une grande diversit\u00e9 de fondations qui travaillent au niveau r\u00e9gional. Cela pr\u00e9sente des avantages, car les projets locaux re\u00e7oivent souvent plus d&rsquo;attention que les projets \u00e0 vocation nationale. C&rsquo;est dans le domaine de la culture et des loisirs que l&rsquo;on trouve le plus souvent des fondations. Une grande vari\u00e9t\u00e9 de fondations de Suisse orientale s&rsquo;engagent \u00e9galement dans le domaine social. Les autres domaines dans lesquels de nombreux m\u00e9c\u00e8nes interviennent sont l&rsquo;\u00e9ducation et la recherche, la sant\u00e9, le logement, la coop\u00e9ration au d\u00e9veloppement ou la protection de l&rsquo;environnement et de la nature.<\/p>\n\n<div class=\"wp-block-cover alignfull is-light\" style=\"min-height:50px;aspect-ratio:unset;\"><span aria-hidden=\"true\" class=\"wp-block-cover__background has-background-dim-100 has-background-dim has-background-gradient\" style=\"background:linear-gradient(114deg,rgba(255,0,255,0.32) 0%,rgba(255,0,0,0.65) 98%)\"><\/span><div class=\"wp-block-cover__inner-container is-layout-constrained wp-block-cover-is-layout-constrained\"><div class=\"wp-bootstrap-blocks-row row justify-content-center align-items-center\">\n\t\n<div class=\"col-12 col-md-4\">\n\t\t\t\n<p class=\"has-text-align-center has-size-24-font-size\" style=\"line-height:1.1\"><strong>Pour les associations \u00e0 but non lucratif :<\/strong> collectez <strong>des fonds en ligne<\/strong> pour votre organisation et vos projets ou trouvez des fondations ad\u00e9quates gr\u00e2ce \u00e0 des <strong>outils de recherche<\/strong> intelligents.<\/p>\n\t<\/div>\n\n<div class=\"col-12 col-md-4\">\n\t\t\t\n<div class=\"wp-block-buttons is-content-justification-center is-layout-flex wp-container-core-buttons-is-layout-a89b3969 wp-block-buttons-is-layout-flex\"><div class=\"wp-block-button is-style-btn-primary is-style-btn-primary--1\"><a class=\"wp-block-button__link wp-element-button\" href=\"https:\/\/spheriq.ch\/fr\/prix\/\">D\u00e9couvrir l&rsquo;offre maintenant<\/a><\/div><\/div>\n\t<\/div>\n<\/div><\/div><\/div>\n\n<h3 class=\"wp-block-heading has-size-24-font-size\">Trouver des fondations en Suisse orientale : recherche de fonds, collecte de dons &amp; sponsoring<\/h3>\n\n<p>Trouver des fondations actives au niveau cantonal est tr\u00e8s simple gr\u00e2ce \u00e0 des annuaires de fondations comme Spheriq.ch. Sur notre plateforme philanthropique num\u00e9rique, les organisations donatrices et les organisations \u00e0 but non lucratif \u00e0 la recherche de moyens se rencontrent rapidement et efficacement gr\u00e2ce \u00e0 un syst\u00e8me de recherche et de matching intelligent. Ainsi, vous ne perdez pas de temps \u00e0 faire des recherches fastidieuses, mais vous pouvez vous concentrer sur l&rsquo;essentiel.<\/p>\n\t<\/div>\n<\/div><\/div><\/div>","protected":false},"excerpt":{"rendered":"","protected":false},"author":2,"featured_media":0,"parent":6315,"menu_order":0,"comment_status":"closed","ping_status":"closed","template":"","meta":{"_acf_changed":false,"footnotes":""},"class_list":["post-8113","page","type-page","status-publish","hentry"],"acf":[],"yoast_head":"<!-- This site is optimized with the Yoast SEO plugin v26.9 - https:\/\/yoast.com\/product\/yoast-seo-wordpress\/ -->\n<title>Fondations en Suisse orientale<\/title>\n<meta name=\"description\" content=\"Fondations en Suisse orientale \u2705 Fondations locales &amp; suprar\u00e9gionales \u2705 Collecte de dons \u2705 Collecte de fonds &amp; bourses Suisse orientale \u2705.\" \/>\n<meta name=\"robots\" content=\"index, follow, max-snippet:-1, max-image-preview:large, max-video-preview:-1\" \/>\n<link rel=\"canonical\" href=\"https:\/\/spheriq.ch\/fr\/repertoire-des-fondations\/fondations-en-suisse-orientale-activites-regionales\/\" \/>\n<meta property=\"og:locale\" content=\"fr_FR\" \/>\n<meta property=\"og:type\" content=\"article\" \/>\n<meta property=\"og:title\" content=\"Fondations en Suisse orientale\" \/>\n<meta property=\"og:description\" content=\"Fondations en Suisse orientale \u2705 Fondations locales &amp; suprar\u00e9gionales \u2705 Collecte de dons \u2705 Collecte de fonds &amp; bourses Suisse orientale \u2705.\" \/>\n<meta property=\"og:url\" content=\"https:\/\/spheriq.ch\/fr\/repertoire-des-fondations\/fondations-en-suisse-orientale-activites-regionales\/\" \/>\n<meta property=\"og:site_name\" content=\"Spheriq\" \/>\n<meta property=\"article:modified_time\" content=\"2023-12-18T12:39:32+00:00\" \/>\n<meta name=\"twitter:card\" content=\"summary_large_image\" \/>\n<meta name=\"twitter:label1\" content=\"Dur\u00e9e de lecture estim\u00e9e\" \/>\n\t<meta name=\"twitter:data1\" content=\"4 minutes\" \/>\n<script type=\"application\/ld+json\" class=\"yoast-schema-graph\">{\"@context\":\"https:\/\/schema.org\",\"@graph\":[{\"@type\":\"WebPage\",\"@id\":\"https:\/\/spheriq.ch\/fr\/repertoire-des-fondations\/fondations-en-suisse-orientale-activites-regionales\/\",\"url\":\"https:\/\/spheriq.ch\/fr\/repertoire-des-fondations\/fondations-en-suisse-orientale-activites-regionales\/\",\"name\":\"Fondations en Suisse orientale\",\"isPartOf\":{\"@id\":\"https:\/\/spheriq.ch\/fr\/#website\"},\"datePublished\":\"2023-01-13T14:05:37+00:00\",\"dateModified\":\"2023-12-18T12:39:32+00:00\",\"description\":\"Fondations en Suisse orientale \u2705 Fondations locales & suprar\u00e9gionales \u2705 Collecte de dons \u2705 Collecte de fonds & bourses Suisse orientale \u2705.\",\"breadcrumb\":{\"@id\":\"https:\/\/spheriq.ch\/fr\/repertoire-des-fondations\/fondations-en-suisse-orientale-activites-regionales\/#breadcrumb\"},\"inLanguage\":\"fr-FR\",\"potentialAction\":[{\"@type\":\"ReadAction\",\"target\":[\"https:\/\/spheriq.ch\/fr\/repertoire-des-fondations\/fondations-en-suisse-orientale-activites-regionales\/\"]}]},{\"@type\":\"BreadcrumbList\",\"@id\":\"https:\/\/spheriq.ch\/fr\/repertoire-des-fondations\/fondations-en-suisse-orientale-activites-regionales\/#breadcrumb\",\"itemListElement\":[{\"@type\":\"ListItem\",\"position\":1,\"name\":\"Home\",\"item\":\"https:\/\/spheriq.ch\/fr\/\"},{\"@type\":\"ListItem\",\"position\":2,\"name\":\"R\u00e9pertoire des fondations\",\"item\":\"https:\/\/spheriq.ch\/fr\/repertoire-des-fondations\/\"},{\"@type\":\"ListItem\",\"position\":3,\"name\":\"Fondations en Suisse orientale : activit\u00e9s r\u00e9gionales\"}]},{\"@type\":\"WebSite\",\"@id\":\"https:\/\/spheriq.ch\/fr\/#website\",\"url\":\"https:\/\/spheriq.ch\/fr\/\",\"name\":\"Spheriq\",\"description\":\"Spheriq | Online-Portal f\u00fcr Philanthropie\",\"potentialAction\":[{\"@type\":\"SearchAction\",\"target\":{\"@type\":\"EntryPoint\",\"urlTemplate\":\"https:\/\/spheriq.ch\/fr\/?s={search_term_string}\"},\"query-input\":{\"@type\":\"PropertyValueSpecification\",\"valueRequired\":true,\"valueName\":\"search_term_string\"}}],\"inLanguage\":\"fr-FR\"}]}<\/script>\n<!-- \/ Yoast SEO plugin. -->","yoast_head_json":{"title":"Fondations en Suisse orientale","description":"Fondations en Suisse orientale \u2705 Fondations locales & suprar\u00e9gionales \u2705 Collecte de dons \u2705 Collecte de fonds & bourses Suisse orientale \u2705.","robots":{"index":"index","follow":"follow","max-snippet":"max-snippet:-1","max-image-preview":"max-image-preview:large","max-video-preview":"max-video-preview:-1"},"canonical":"https:\/\/spheriq.ch\/fr\/repertoire-des-fondations\/fondations-en-suisse-orientale-activites-regionales\/","og_locale":"fr_FR","og_type":"article","og_title":"Fondations en Suisse orientale","og_description":"Fondations en Suisse orientale \u2705 Fondations locales & suprar\u00e9gionales \u2705 Collecte de dons \u2705 Collecte de fonds & bourses Suisse orientale \u2705.","og_url":"https:\/\/spheriq.ch\/fr\/repertoire-des-fondations\/fondations-en-suisse-orientale-activites-regionales\/","og_site_name":"Spheriq","article_modified_time":"2023-12-18T12:39:32+00:00","twitter_card":"summary_large_image","twitter_misc":{"Dur\u00e9e de lecture estim\u00e9e":"4 minutes"},"schema":{"@context":"https:\/\/schema.org","@graph":[{"@type":"WebPage","@id":"https:\/\/spheriq.ch\/fr\/repertoire-des-fondations\/fondations-en-suisse-orientale-activites-regionales\/","url":"https:\/\/spheriq.ch\/fr\/repertoire-des-fondations\/fondations-en-suisse-orientale-activites-regionales\/","name":"Fondations en Suisse orientale","isPartOf":{"@id":"https:\/\/spheriq.ch\/fr\/#website"},"datePublished":"2023-01-13T14:05:37+00:00","dateModified":"2023-12-18T12:39:32+00:00","description":"Fondations en Suisse orientale \u2705 Fondations locales & suprar\u00e9gionales \u2705 Collecte de dons \u2705 Collecte de fonds & bourses Suisse orientale \u2705.","breadcrumb":{"@id":"https:\/\/spheriq.ch\/fr\/repertoire-des-fondations\/fondations-en-suisse-orientale-activites-regionales\/#breadcrumb"},"inLanguage":"fr-FR","potentialAction":[{"@type":"ReadAction","target":["https:\/\/spheriq.ch\/fr\/repertoire-des-fondations\/fondations-en-suisse-orientale-activites-regionales\/"]}]},{"@type":"BreadcrumbList","@id":"https:\/\/spheriq.ch\/fr\/repertoire-des-fondations\/fondations-en-suisse-orientale-activites-regionales\/#breadcrumb","itemListElement":[{"@type":"ListItem","position":1,"name":"Home","item":"https:\/\/spheriq.ch\/fr\/"},{"@type":"ListItem","position":2,"name":"R\u00e9pertoire des fondations","item":"https:\/\/spheriq.ch\/fr\/repertoire-des-fondations\/"},{"@type":"ListItem","position":3,"name":"Fondations en Suisse orientale : activit\u00e9s r\u00e9gionales"}]},{"@type":"WebSite","@id":"https:\/\/spheriq.ch\/fr\/#website","url":"https:\/\/spheriq.ch\/fr\/","name":"Spheriq","description":"Spheriq | Online-Portal f\u00fcr Philanthropie","potentialAction":[{"@type":"SearchAction","target":{"@type":"EntryPoint","urlTemplate":"https:\/\/spheriq.ch\/fr\/?s={search_term_string}"},"query-input":{"@type":"PropertyValueSpecification","valueRequired":true,"valueName":"search_term_string"}}],"inLanguage":"fr-FR"}]}},"_links":{"self":[{"href":"https:\/\/spheriq.ch\/fr\/wp-json\/wp\/v2\/pages\/8113","targetHints":{"allow":["GET"]}}],"collection":[{"href":"https:\/\/spheriq.ch\/fr\/wp-json\/wp\/v2\/pages"}],"about":[{"href":"https:\/\/spheriq.ch\/fr\/wp-json\/wp\/v2\/types\/page"}],"author":[{"embeddable":true,"href":"https:\/\/spheriq.ch\/fr\/wp-json\/wp\/v2\/users\/2"}],"replies":[{"embeddable":true,"href":"https:\/\/spheriq.ch\/fr\/wp-json\/wp\/v2\/comments?post=8113"}],"version-history":[{"count":8,"href":"https:\/\/spheriq.ch\/fr\/wp-json\/wp\/v2\/pages\/8113\/revisions"}],"predecessor-version":[{"id":14126,"href":"https:\/\/spheriq.ch\/fr\/wp-json\/wp\/v2\/pages\/8113\/revisions\/14126"}],"up":[{"embeddable":true,"href":"https:\/\/spheriq.ch\/fr\/wp-json\/wp\/v2\/pages\/6315"}],"wp:attachment":[{"href":"https:\/\/spheriq.ch\/fr\/wp-json\/wp\/v2\/media?parent=8113"}],"curies":[{"name":"wp","href":"https:\/\/api.w.org\/{rel}","templated":true}]}}