{"id":8099,"date":"2023-01-16T10:57:55","date_gmt":"2023-01-16T10:57:55","guid":{"rendered":"https:\/\/spheriq.ch\/repertoire-des-fondations\/fondations-a-soleure\/"},"modified":"2023-12-18T17:33:02","modified_gmt":"2023-12-18T17:33:02","slug":"fondations-a-soleure","status":"publish","type":"page","link":"https:\/\/spheriq.ch\/fr\/repertoire-des-fondations\/fondations-a-soleure\/","title":{"rendered":"Fondations \u00e0 Soleure"},"content":{"rendered":"<div class=\"wp-block-cover alignfull is-light has-custom-content-position is-position-top-center\" style=\"min-height:218px;aspect-ratio:unset;\"><span aria-hidden=\"true\" class=\"wp-block-cover__background has-background-dim-100 has-background-dim\" style=\"background-color:#f7f7f7\"><\/span><div class=\"wp-block-cover__inner-container is-layout-constrained wp-block-cover-is-layout-constrained\"><h1 class=\"wp-block-heading\">Fondations dans le canton de Soleure<\/h1>\n\n<p class=\"has-size-20-font-size\">Dans le canton de Soleure, le rapport sur les fondations en Suisse a enregistr\u00e9 271 fondations en 2022, dont quatre ont \u00e9t\u00e9 cr\u00e9\u00e9es r\u00e9cemment. Avec 9,6 fondations pour 10&rsquo;000 habitants, Soleure se classe au troisi\u00e8me rang des cantons ayant la plus faible densit\u00e9 de fondations.<\/p><\/div><\/div><div class=\"wp-bootstrap-blocks-row row\">\n\t\n<div class=\"col-12 col-md-4\">\n\t\t\t<div class=\"p-3\">\n\t\t\t\n<div class=\"wp-block-custom-tree\"><div class=\"wp-block-custom-item-tree fat\"><span class=\"title\">Annuaire r\u00e9gional des fondations<\/span><span class=\"count\"><\/span><\/div>\n\n<div class=\"wp-block-custom-item-tree\"><a href=\"https:\/\/spheriq.ch\/stiftungsverzeichnis\/stiftungen-genferseeregion\/\"><span class=\"title\">Fondations de la r\u00e9gion l\u00e9manique<\/span><span class=\"count\"><\/span><\/a><\/div>\n\n<div class=\"wp-block-custom-tree\"><div class=\"wp-block-custom-item-tree\"><a href=\"https:\/\/spheriq.ch\/fr\/?page_id=7910\"><span class=\"title\">Fondations dans le canton de Gen\u00e8ve<\/span><span class=\"count\"><\/span><\/a><\/div>\n\n<div class=\"wp-block-custom-item-tree\"><a href=\"https:\/\/spheriq.ch\/stiftungsverzeichnis\/stiftungen-waadt\/\"><span class=\"title\">Fondations dans le canton de Vaud<\/span><span class=\"count\"><\/span><\/a><\/div>\n\n<div class=\"wp-block-custom-item-tree\"><a href=\"https:\/\/spheriq.ch\/stiftungsverzeichnis\/stiftungen-wallis\/\"><span class=\"title\">Fondations dans le canton du Valais<\/span><span class=\"count\"><\/span><\/a><\/div><\/div><\/div>\n\n<div class=\"wp-block-custom-tree\"><div class=\"wp-block-custom-item-tree\"><a href=\"https:\/\/spheriq.ch\/stiftungsverzeichnis\/stiftungen-espace-mittelland\/\"><span class=\"title\">Fondations Espace Mittelland<\/span><span class=\"count\"><\/span><\/a><\/div>\n\n<div class=\"wp-block-custom-tree\"><div class=\"wp-block-custom-item-tree\"><a href=\"https:\/\/spheriq.ch\/stiftungsverzeichnis\/stiftungen-bern\/\"><span class=\"title\">Fondations dans le canton de Berne<\/span><span class=\"count\"><\/span><\/a><\/div>\n\n<div class=\"wp-block-custom-item-tree\"><a href=\"https:\/\/spheriq.ch\/stiftungsverzeichnis\/stiftungen-freiburg\/\"><span class=\"title\">Fondations dans le canton de Fribourg<\/span><span class=\"count\"><\/span><\/a><\/div>\n\n<div class=\"wp-block-custom-item-tree\"><a href=\"https:\/\/spheriq.ch\/fr\/repertoire-des-fondations\/fondations-a-soleure\/\"><span class=\"title\">Fondations dans le canton de Soleure<\/span><span class=\"count\"><\/span><\/a><\/div>\n\n<div class=\"wp-block-custom-item-tree\"><a href=\"https:\/\/spheriq.ch\/stiftungsverzeichnis\/stiftungen-neuenburg\/\"><span class=\"title\">Fondations dans le canton de Neuch\u00e2tel<\/span><span class=\"count\"><\/span><\/a><\/div>\n\n<div class=\"wp-block-custom-item-tree\"><a href=\"https:\/\/spheriq.ch\/stiftungsverzeichnis\/stiftungen-jura\/\"><span class=\"title\">Fondations dans le canton du Jura<\/span><span class=\"count\"><\/span><\/a><\/div><\/div><\/div>\n\n<div class=\"wp-block-custom-tree\"><div class=\"wp-block-custom-item-tree\"><a href=\"https:\/\/spheriq.ch\/stiftungsverzeichnis\/stiftungen-nordwestschweiz\/\"><span class=\"title\">Fondations du nord-ouest de la Suisse<\/span><span class=\"count\"><\/span><\/a><\/div>\n\n<div class=\"wp-block-custom-tree\"><div class=\"wp-block-custom-item-tree\"><a href=\"https:\/\/spheriq.ch\/stiftungsverzeichnis\/stiftungen-basel\/\"><span class=\"title\">Fondations dans le canton de B\u00e2le-Ville<\/span><span class=\"count\"><\/span><\/a><\/div>\n\n<div class=\"wp-block-custom-item-tree\"><a href=\"https:\/\/spheriq.ch\/stiftungsverzeichnis\/stiftungen-basel-landschaft\/\"><span class=\"title\">Fondations dans le canton de B\u00e2le-Campagne<\/span><span class=\"count\"><\/span><\/a><\/div>\n\n<div class=\"wp-block-custom-item-tree\"><a href=\"https:\/\/spheriq.ch\/fr\/?page_id=7890\"><span class=\"title\">Fondations dans le canton d&rsquo;Argovie<\/span><span class=\"count\"><\/span><\/a><\/div><\/div>\n\n<div class=\"wp-block-custom-item-tree\"><a href=\"https:\/\/spheriq.ch\/stiftungsverzeichnis\/stiftungen-zuerich\/\"><span class=\"title\">Fondations Zurich<\/span><span class=\"count\"><\/span><\/a><\/div>\n\n<div class=\"wp-block-custom-item-tree\"><a href=\"https:\/\/spheriq.ch\/stiftungsverzeichnis\/stiftungen-ostschweiz\/\"><span class=\"title\">Fondations de Suisse orientale<\/span><span class=\"count\"><\/span><\/a><\/div><\/div>\n\n<div class=\"wp-block-custom-tree\"><div class=\"wp-block-custom-tree\"><div class=\"wp-block-custom-item-tree\"><a href=\"https:\/\/spheriq.ch\/stiftungsverzeichnis\/stiftungen-stgallen\/\"><span class=\"title\">Fondations dans le canton de Saint-Gall<\/span><span class=\"count\"><\/span><\/a><\/div>\n\n<div class=\"wp-block-custom-item-tree\"><a href=\"https:\/\/spheriq.ch\/stiftungsverzeichnis\/stiftungen-thurgau\/\"><span class=\"title\">Fondations dans le canton de Thurgovie<\/span><span class=\"count\"><\/span><\/a><\/div>\n\n<div class=\"wp-block-custom-item-tree\"><a href=\"https:\/\/spheriq.ch\/stiftungsverzeichnis\/stiftungen-appenzell-innerrhoden\/\"><span class=\"title\">Fondations dans le canton d&rsquo;Appenzell Rhodes-Int\u00e9rieures<\/span><span class=\"count\"><\/span><\/a><\/div>\n\n<div class=\"wp-block-custom-item-tree\"><a href=\"https:\/\/spheriq.ch\/fr\/?page_id=7905\"><span class=\"title\">Fondations dans le canton d&rsquo;Appenzell Rhodes-Ext\u00e9rieures<\/span><span class=\"count\"><\/span><\/a><\/div>\n\n<div class=\"wp-block-custom-item-tree\"><a href=\"https:\/\/spheriq.ch\/stiftungsverzeichnis\/stiftungen-glarus\/\"><span class=\"title\">Fondations dans le canton de Glaris<\/span><span class=\"count\"><\/span><\/a><\/div>\n\n<div class=\"wp-block-custom-item-tree\"><a href=\"https:\/\/spheriq.ch\/stiftungsverzeichnis\/stiftungen-schaffhausen\/\"><span class=\"title\">Fondations dans le canton de Schaffhouse<\/span><span class=\"count\"><\/span><\/a><\/div>\n\n<div class=\"wp-block-custom-item-tree\"><a href=\"https:\/\/spheriq.ch\/stiftungsverzeichnis\/stiftungen-graubuenden\/\"><span class=\"title\">Fondations dans le canton des Grisons<\/span><span class=\"count\"><\/span><\/a><\/div><\/div>\n\n<div class=\"wp-block-custom-item-tree\"><a href=\"https:\/\/spheriq.ch\/stiftungsverzeichnis\/stiftungen-zentralschweiz\/\"><span class=\"title\">Fondations Suisse centrale<\/span><span class=\"count\"><\/span><\/a><\/div>\n\n<div class=\"wp-block-custom-tree\"><div class=\"wp-block-custom-item-tree\"><a href=\"https:\/\/spheriq.ch\/stiftungsverzeichnis\/stiftungen-luzern\/\"><span class=\"title\">Fondations dans le canton de Lucerne<\/span><span class=\"count\"><\/span><\/a><\/div>\n\n<div class=\"wp-block-custom-item-tree\"><a href=\"https:\/\/spheriq.ch\/fr\/?page_id=8093\"><span class=\"title\">Fondations dans le canton d&rsquo;Uri<\/span><span class=\"count\"><\/span><\/a><\/div>\n\n<div class=\"wp-block-custom-item-tree\"><a href=\"https:\/\/spheriq.ch\/stiftungsverzeichnis\/stiftungen-schwyz\/\"><span class=\"title\">Fondations dans le canton de Schwyz<\/span><span class=\"count\"><\/span><\/a><\/div>\n\n<div class=\"wp-block-custom-item-tree\"><a href=\"https:\/\/spheriq.ch\/stiftungsverzeichnis\/stiftungen-obwalden\/\"><span class=\"title\">Fondations dans le canton d&rsquo;Obwald<\/span><span class=\"count\"><\/span><\/a><\/div>\n\n<div class=\"wp-block-custom-item-tree\"><a href=\"https:\/\/spheriq.ch\/stiftungsverzeichnis\/stiftungen-nidwalden\/\"><span class=\"title\">Fondations dans le canton de Nidwald<\/span><span class=\"count\"><\/span><\/a><\/div>\n\n<div class=\"wp-block-custom-item-tree\"><a href=\"https:\/\/spheriq.ch\/stiftungsverzeichnis\/stiftungen-zug\/\"><span class=\"title\">Fondations dans le canton de Zoug<\/span><span class=\"count\"><\/span><\/a><\/div><\/div>\n\n<div class=\"wp-block-custom-item-tree\"><a href=\"https:\/\/spheriq.ch\/stiftungsverzeichnis\/stiftungen-tessin\/\"><span class=\"title\">Fondations Tessin<\/span><span class=\"count\"><\/span><\/a><\/div><\/div>\n\t\t<\/div>\n\t<\/div>\n\n<div class=\"col-12 col-md-8\">\n\t\t\t<div class=\"p-3\">\n\t\t\t\n<div class=\"container\"><ul class=\"nav nav-tabs\" role=\"tablist\"><li class=\"nav-item\" role=\"presentation\"><button data-hash=\"#toutes-les-organisations\" class=\"nav-link active\" id=\"t-13134e91-fdd8-4c8c-8387-f56263d1f383-edfe9caa-f1ad-4b86-aa36-4342eee151f8-tab\" data-bs-toggle=\"tab\" data-bs-target=\"#t-13134e91-fdd8-4c8c-8387-f56263d1f383-edfe9caa-f1ad-4b86-aa36-4342eee151f8\" type=\"button\" role=\"tab\" aria-controls=\"t-13134e91-fdd8-4c8c-8387-f56263d1f383-edfe9caa-f1ad-4b86-aa36-4342eee151f8\" aria-selected=\"true\">Toutes les organisations<\/button><\/li><li class=\"nav-item\" role=\"presentation\"><button data-hash=\"#organisations-donatrices\" class=\"nav-link\" id=\"t-13134e91-fdd8-4c8c-8387-f56263d1f383-da9b8f0a-5df9-428c-b0ef-19aa2ac9faac-tab\" data-bs-toggle=\"tab\" data-bs-target=\"#t-13134e91-fdd8-4c8c-8387-f56263d1f383-da9b8f0a-5df9-428c-b0ef-19aa2ac9faac\" type=\"button\" role=\"tab\" aria-controls=\"t-13134e91-fdd8-4c8c-8387-f56263d1f383-da9b8f0a-5df9-428c-b0ef-19aa2ac9faac\">Organisations donatrices<\/button><\/li><li class=\"nav-item\" role=\"presentation\"><button data-hash=\"#organisations-a-but-non-lucratif\" class=\"nav-link\" id=\"t-13134e91-fdd8-4c8c-8387-f56263d1f383-753ac4f5-37cf-41b7-b3d6-cf3fa441330c-tab\" data-bs-toggle=\"tab\" data-bs-target=\"#t-13134e91-fdd8-4c8c-8387-f56263d1f383-753ac4f5-37cf-41b7-b3d6-cf3fa441330c\" type=\"button\" role=\"tab\" aria-controls=\"t-13134e91-fdd8-4c8c-8387-f56263d1f383-753ac4f5-37cf-41b7-b3d6-cf3fa441330c\">Organisations \u00e0 but non lucratif<\/button><\/li><\/ul>\n<div class=\"wp-block-custom-tabs tab-test tab-content\" id=\"t-13134e91-fdd8-4c8c-8387-f56263d1f383\"><div class=\"wp-block-custom-tab-item tab-pane tab-item active\"\" id=\"t-13134e91-fdd8-4c8c-8387-f56263d1f383-edfe9caa-f1ad-4b86-aa36-4342eee151f8\" role=\"tabpanel\" aria-labelledby=\"t-13134e91-fdd8-4c8c-8387-f56263d1f383-edfe9caa-f1ad-4b86-aa36-4342eee151f8-tab\"><div id=\"algolia-search-16c0e918-efe9-40d4-a24a-725b35a5a86d\"><div class=\"hidden fields\">\n        <input type=\"hidden\" class=\"algoliaBlockNum\"  value=\"16c0e918-efe9-40d4-a24a-725b35a5a86d\" >\n        <input type=\"hidden\" class=\"searchURL\" value=\"?active=organizations&amp;layout=grid&amp;legalTypeFilters=[&quot;Stiftungen&quot;]&amp;checkedCantons=[&quot;SO&quot;]&amp;page=0 \" \/>\n        <input type=\"hidden\" class=\"algoliaPerPage\" value=\"20\">\n        <input type=\"hidden\" class=\"algoliaPerRow\" value=\"2\">\n        <input type=\"hidden\" class=\"maxResult\" value=\"3\">\n        <input type=\"hidden\" class=\"linkURL\" value=\"https:\/\/stiftungen.stiftungschweiz.ch\/organisation\">\n        <\/div><div id=\"algolia-filters-hierarchical-menu-16c0e918-efe9-40d4-a24a-725b35a5a86d\"><\/div><div id=\"searchbox-16c0e918-efe9-40d4-a24a-725b35a5a86d\" class=\"ais-SearchBox search d-none\"><\/div><div class=\"top-bar\"><div id=\"count-results-16c0e918-efe9-40d4-a24a-725b35a5a86d\"><\/div><div data-id=\"16c0e918-efe9-40d4-a24a-725b35a5a86d\" class=\"switch-view\"><a href=\"javascript:;\" class=\"horizontal\"><i class=\"icon-horizontal\"><\/i><\/a><a href=\"javascript:;\" class=\"cards\"><i class=\"icon-cards\"><\/i><\/a><\/div><\/div><div class=\"hits per-row-2\" id=\"hits-16c0e918-efe9-40d4-a24a-725b35a5a86d\"><\/div><div class=\"form-group text-center\" id=\"algolia-filters-navigation-16c0e918-efe9-40d4-a24a-725b35a5a86d\"><\/div><\/div>\n\n<p><\/p><\/div>\n\n<div class=\"wp-block-custom-tab-item tab-pane tab-item\" id=\"t-13134e91-fdd8-4c8c-8387-f56263d1f383-da9b8f0a-5df9-428c-b0ef-19aa2ac9faac\" role=\"tabpanel\" aria-labelledby=\"t-13134e91-fdd8-4c8c-8387-f56263d1f383-da9b8f0a-5df9-428c-b0ef-19aa2ac9faac-tab\"><div id=\"algolia-search-d6533bc7-27c4-44c0-902e-5067c9efa20a\"><div class=\"hidden fields\">\n        <input type=\"hidden\" class=\"algoliaBlockNum\"  value=\"d6533bc7-27c4-44c0-902e-5067c9efa20a\" >\n        <input type=\"hidden\" class=\"searchURL\" value=\"?active=grantmakers&amp;layout=grid&amp;checkedCantons=[&quot;SO&quot;]&amp;page=0\" \/>\n        <input type=\"hidden\" class=\"algoliaPerPage\" value=\"20\">\n        <input type=\"hidden\" class=\"algoliaPerRow\" value=\"2\">\n        <input type=\"hidden\" class=\"maxResult\" value=\"3\">\n        <input type=\"hidden\" class=\"linkURL\" value=\"https:\/\/stiftungen.stiftungschweiz.ch\/organisation\">\n        <\/div><div id=\"algolia-filters-hierarchical-menu-d6533bc7-27c4-44c0-902e-5067c9efa20a\"><\/div><div id=\"searchbox-d6533bc7-27c4-44c0-902e-5067c9efa20a\" class=\"ais-SearchBox search d-none\"><\/div><div class=\"top-bar\"><div id=\"count-results-d6533bc7-27c4-44c0-902e-5067c9efa20a\"><\/div><div data-id=\"d6533bc7-27c4-44c0-902e-5067c9efa20a\" class=\"switch-view\"><a href=\"javascript:;\" class=\"horizontal\"><i class=\"icon-horizontal\"><\/i><\/a><a href=\"javascript:;\" class=\"cards\"><i class=\"icon-cards\"><\/i><\/a><\/div><\/div><div class=\"hits per-row-2\" id=\"hits-d6533bc7-27c4-44c0-902e-5067c9efa20a\"><\/div><div class=\"form-group text-center\" id=\"algolia-filters-navigation-d6533bc7-27c4-44c0-902e-5067c9efa20a\"><\/div><\/div><\/div>\n\n<div class=\"wp-block-custom-tab-item tab-pane tab-item\" id=\"t-13134e91-fdd8-4c8c-8387-f56263d1f383-753ac4f5-37cf-41b7-b3d6-cf3fa441330c\" role=\"tabpanel\" aria-labelledby=\"t-13134e91-fdd8-4c8c-8387-f56263d1f383-753ac4f5-37cf-41b7-b3d6-cf3fa441330c-tab\"><div id=\"algolia-search-93fc762c-e217-496c-aa00-652496a938fc\"><div class=\"hidden fields\">\n        <input type=\"hidden\" class=\"algoliaBlockNum\"  value=\"93fc762c-e217-496c-aa00-652496a938fc\" >\n        <input type=\"hidden\" class=\"searchURL\" value=\"?active=project_owners&amp;layout=grid&amp;checkedCantons=[&quot;SO&quot;]&amp;page=0\" \/>\n        <input type=\"hidden\" class=\"algoliaPerPage\" value=\"20\">\n        <input type=\"hidden\" class=\"algoliaPerRow\" value=\"2\">\n        <input type=\"hidden\" class=\"maxResult\" value=\"3\">\n        <input type=\"hidden\" class=\"linkURL\" value=\"https:\/\/stiftungen.stiftungschweiz.ch\/organisation\">\n        <\/div><div id=\"algolia-filters-hierarchical-menu-93fc762c-e217-496c-aa00-652496a938fc\"><\/div><div id=\"searchbox-93fc762c-e217-496c-aa00-652496a938fc\" class=\"ais-SearchBox search d-none\"><\/div><div class=\"top-bar\"><div id=\"count-results-93fc762c-e217-496c-aa00-652496a938fc\"><\/div><div data-id=\"93fc762c-e217-496c-aa00-652496a938fc\" class=\"switch-view\"><a href=\"javascript:;\" class=\"horizontal\"><i class=\"icon-horizontal\"><\/i><\/a><a href=\"javascript:;\" class=\"cards\"><i class=\"icon-cards\"><\/i><\/a><\/div><\/div><div class=\"hits per-row-2\" id=\"hits-93fc762c-e217-496c-aa00-652496a938fc\"><\/div><div class=\"form-group text-center\" id=\"algolia-filters-navigation-93fc762c-e217-496c-aa00-652496a938fc\"><\/div><\/div><\/div><\/div>\n<\/div>\n\t\t<\/div>\n\t<\/div>\n<\/div><div style=\"height:8px\" aria-hidden=\"true\" class=\"wp-block-spacer\"><\/div><div class=\"wp-block-cover alignfull is-light has-custom-content-position is-position-top-center\" style=\"min-height:218px;aspect-ratio:unset;\"><span aria-hidden=\"true\" class=\"wp-block-cover__background has-background-dim-100 has-background-dim\" style=\"background-color:#f7f7f7\"><\/span><div class=\"wp-block-cover__inner-container is-layout-constrained wp-block-cover-is-layout-constrained\"><div class=\"wp-bootstrap-blocks-row row\">\n\t\n<div class=\"col-12 col-md-12\">\n\t\t\t\n<h2 class=\"wp-block-heading\">Les fondations \u00e0 Soleure : de multiples possibilit\u00e9s<\/h2>\n\n<p><\/p>\n\n<p>Dans le canton de Soleure, le rapport sur les fondations en Suisse a enregistr\u00e9 <strong>271 fondations<\/strong> en 2022, dont <strong>quatre ont \u00e9t\u00e9 cr\u00e9\u00e9es r\u00e9cemment<\/strong>. Avec <strong>9,6 fondations pour 10&rsquo;000 habitants, Soleure se classe au troisi\u00e8me rang des cantons ayant la plus faible densit\u00e9 de fondations<\/strong>. De nombreuses organisations donatrices ayant leur si\u00e8ge \u00e0 Soleure sont avant tout actives au niveau cantonal et r\u00e9gional. Des projets au niveau national ou international sont \u00e9galement soutenus de mani\u00e8re ponctuelle. Les collecteurs de fonds travaillent et communiquent tr\u00e8s souvent dans les environs imm\u00e9diats du lieu du projet, \u00e0 la recherche de fondations de soutien appropri\u00e9es. Si vous cherchez un soutien pour un projet ayant un lien direct avec le canton de Soleure, vos chances sont particuli\u00e8rement bonnes aupr\u00e8s des organisations donatrices de Soleure.<\/p>\n\n<p>Le r\u00e9pertoire des fondations de Spheriq facilite la mise en r\u00e9seau des organisations \u00e0 but non lucratif, des administrateurs et des conseillers de fondations avec des partenaires importants. Des fonctions de filtrage et de recherche ainsi qu&rsquo;une vue cartographique donnent un aper\u00e7u rapide et trient les offres en fonction des meilleurs r\u00e9sultats correspondant \u00e0 votre projet. En tant que plus grande plateforme de dons de Suisse, Spheriq.ch offre aux organisations \u00e0 but non lucratif la possibilit\u00e9 de se pr\u00e9senter \u00e0 des philanthropes engag\u00e9s.<\/p>\n\n<h3 class=\"wp-block-heading\">Points forts &amp; particularit\u00e9s des fondations soleuroises<\/h3>\n\n<p>En cherchant des organisations donatrices \u00e0 Soleure, on tombe sur un choix tr\u00e8s diversifi\u00e9 dans diff\u00e9rents domaines. Presque toutes les organisations donatrices se consacrent \u00e0 un domaine particulier, comme la sant\u00e9, l&rsquo;\u00e9ducation ou la protection de l&rsquo;environnement. Les organisations donatrices qui se consacrent de mani\u00e8re g\u00e9n\u00e9rale \u00e0 l&rsquo;utilit\u00e9 publique et soutiennent divers projets aux objectifs vari\u00e9s sont plut\u00f4t l&rsquo;exception.<\/p>\n\n<p>Dans la ville de Soleure, mais aussi dans tout le canton, les organisations donatrices sont principalement actives dans les domaines de <strong>l&rsquo;art et de la culture, du social et de la formation<\/strong>. D&rsquo;autres objectifs de la fondation, tout aussi importants, sont la protection de l&rsquo;environnement et des animaux ainsi que la politique, la soci\u00e9t\u00e9 ou l&rsquo;\u00e9conomie. Au sein de ces cat\u00e9gories, la plupart des organisations donatrices se concentrent sur des objectifs concrets, des groupes d\u00e9mographiques ou des organisations \u00e0 but non lucratif religieux ou la\u00efcs. Pour les collecteurs de fonds, il est essentiel de conna\u00eetre ces conditions d\u00e8s le d\u00e9but, afin de pouvoir se pr\u00e9senter efficacement aupr\u00e8s des fondations soleuroises qui conviennent vraiment et d&rsquo;utiliser ainsi les \u00e9nergies, les ressources et le temps de mani\u00e8re cibl\u00e9e.<\/p>\n\n<div class=\"wp-block-cover alignfull is-light\" style=\"min-height:50px;aspect-ratio:unset;\"><span aria-hidden=\"true\" class=\"wp-block-cover__background has-background-dim-100 has-background-dim has-background-gradient\" style=\"background:linear-gradient(114deg,rgba(255,0,255,0.32) 0%,rgba(255,0,0,0.65) 98%)\"><\/span><div class=\"wp-block-cover__inner-container is-layout-constrained wp-block-cover-is-layout-constrained\"><div class=\"wp-bootstrap-blocks-row row justify-content-center align-items-center\">\n\t\n<div class=\"col-12 col-md-4\">\n\t\t\t\n<p class=\"has-text-align-center has-size-24-font-size\" style=\"line-height:1.1\">Utilisez la fonction de recherche et cr\u00e9ez des profils en ligne pour votre organisation et vos projets &#8211; <strong>gratuitement<\/strong>.<\/p>\n\t<\/div>\n\n<div class=\"col-12 col-md-4\">\n\t\t\t\n<div class=\"wp-block-buttons is-content-justification-center is-layout-flex wp-container-core-buttons-is-layout-a89b3969 wp-block-buttons-is-layout-flex\"><div class=\"wp-block-button is-style-btn-primary is-style-btn-primary--1\"><a class=\"wp-block-button__link wp-element-button\" href=\"https:\/\/app.spheriq.ch\/registrieren\">Inscrivez-vous gratuitement d\u00e8s maintenant<\/a><\/div><\/div>\n\t<\/div>\n<\/div><\/div><\/div>\n\n<h3 class=\"wp-block-heading\">D\u00e9couvrir les organisations donatrices &amp; les organisations \u00e0 but non lucratif \u00e0 Soleure<\/h3>\n\n<p>Spheriq est la plateforme de la philanthropie num\u00e9rique. Ici, les organisations \u00e0 but non lucratif et <a href=\"https:\/\/spheriq.ch\/fr\/\">les fondations en Suisse<\/a> se rencontrent rapidement et facilement. Les informations les plus importantes, les personnes de contact et les activit\u00e9s sont indiqu\u00e9es directement sur la page de l&rsquo;institution concern\u00e9e. Les fonctions de recherche et de filtrage permettent de trouver clairement et facilement les bons interlocuteurs pour une demande de subvention ou la distribution de fonds de soutien. Les administrateurs et conseillers de fondations, les collecteurs de fonds et les particuliers trouveront sur la plateforme de Spheriq.ch un aper\u00e7u des projets et fondations actuels \u00e0 Soleure et dans toute la Suisse, et pourront entrer directement en contact avec des partenaires int\u00e9ressants.<\/p>\n\n<p>Nous fournissons \u00e9galement aux philanthropes, quelle que soit leur position, des informations pertinentes, un savoir-faire, un centre de connaissances et des actualit\u00e9s pour leur travail. Les personnes personnellement int\u00e9ress\u00e9es ou les entreprises peuvent d\u00e9couvrir de nouvelles initiatives passionnantes et faire un don en ligne \u00e0 l&rsquo;organisation choisie ou \u00e0 leur projet favori sur la plus grande plateforme de dons de Suisse et devenir directement actives.<\/p>\n\t<\/div>\n<\/div><\/div><\/div>","protected":false},"excerpt":{"rendered":"","protected":false},"author":2,"featured_media":0,"parent":6315,"menu_order":0,"comment_status":"closed","ping_status":"closed","template":"","meta":{"_acf_changed":false,"footnotes":""},"class_list":["post-8099","page","type-page","status-publish","hentry"],"acf":[],"yoast_head":"<!-- This site is optimized with the Yoast SEO plugin v26.9 - https:\/\/yoast.com\/product\/yoast-seo-wordpress\/ -->\n<title>Fondations \u00e0 Soleure<\/title>\n<meta name=\"description\" content=\"D\u00e9couvrir les fondations \u00e0 Soleure \u2794 Spheriq\u2705 Organisations donatrices, actualit\u00e9s &amp; contacts dans l&#039;annuaire des fondations \u2705 La plus grande plateforme de dons en Suisse \u2705.\" \/>\n<meta name=\"robots\" content=\"index, follow, max-snippet:-1, max-image-preview:large, max-video-preview:-1\" \/>\n<link rel=\"canonical\" href=\"https:\/\/spheriq.ch\/fr\/repertoire-des-fondations\/fondations-a-soleure\/\" \/>\n<meta property=\"og:locale\" content=\"fr_FR\" \/>\n<meta property=\"og:type\" content=\"article\" \/>\n<meta property=\"og:title\" content=\"Fondations \u00e0 Soleure\" \/>\n<meta property=\"og:description\" content=\"D\u00e9couvrir les fondations \u00e0 Soleure \u2794 Spheriq\u2705 Organisations donatrices, actualit\u00e9s &amp; contacts dans l&#039;annuaire des fondations \u2705 La plus grande plateforme de dons en Suisse \u2705.\" \/>\n<meta property=\"og:url\" content=\"https:\/\/spheriq.ch\/fr\/repertoire-des-fondations\/fondations-a-soleure\/\" \/>\n<meta property=\"og:site_name\" content=\"Spheriq\" \/>\n<meta property=\"article:modified_time\" content=\"2023-12-18T17:33:02+00:00\" \/>\n<meta name=\"twitter:card\" content=\"summary_large_image\" \/>\n<meta name=\"twitter:label1\" content=\"Dur\u00e9e de lecture estim\u00e9e\" \/>\n\t<meta name=\"twitter:data1\" content=\"5 minutes\" \/>\n<script type=\"application\/ld+json\" class=\"yoast-schema-graph\">{\"@context\":\"https:\/\/schema.org\",\"@graph\":[{\"@type\":\"WebPage\",\"@id\":\"https:\/\/spheriq.ch\/fr\/repertoire-des-fondations\/fondations-a-soleure\/\",\"url\":\"https:\/\/spheriq.ch\/fr\/repertoire-des-fondations\/fondations-a-soleure\/\",\"name\":\"Fondations \u00e0 Soleure\",\"isPartOf\":{\"@id\":\"https:\/\/spheriq.ch\/fr\/#website\"},\"datePublished\":\"2023-01-16T10:57:55+00:00\",\"dateModified\":\"2023-12-18T17:33:02+00:00\",\"description\":\"D\u00e9couvrir les fondations \u00e0 Soleure \u2794 Spheriq\u2705 Organisations donatrices, actualit\u00e9s & contacts dans l'annuaire des fondations \u2705 La plus grande plateforme de dons en Suisse \u2705.\",\"breadcrumb\":{\"@id\":\"https:\/\/spheriq.ch\/fr\/repertoire-des-fondations\/fondations-a-soleure\/#breadcrumb\"},\"inLanguage\":\"fr-FR\",\"potentialAction\":[{\"@type\":\"ReadAction\",\"target\":[\"https:\/\/spheriq.ch\/fr\/repertoire-des-fondations\/fondations-a-soleure\/\"]}]},{\"@type\":\"BreadcrumbList\",\"@id\":\"https:\/\/spheriq.ch\/fr\/repertoire-des-fondations\/fondations-a-soleure\/#breadcrumb\",\"itemListElement\":[{\"@type\":\"ListItem\",\"position\":1,\"name\":\"Home\",\"item\":\"https:\/\/spheriq.ch\/fr\/\"},{\"@type\":\"ListItem\",\"position\":2,\"name\":\"R\u00e9pertoire des fondations\",\"item\":\"https:\/\/spheriq.ch\/fr\/repertoire-des-fondations\/\"},{\"@type\":\"ListItem\",\"position\":3,\"name\":\"Fondations \u00e0 Soleure\"}]},{\"@type\":\"WebSite\",\"@id\":\"https:\/\/spheriq.ch\/fr\/#website\",\"url\":\"https:\/\/spheriq.ch\/fr\/\",\"name\":\"Spheriq\",\"description\":\"Spheriq | Online-Portal f\u00fcr Philanthropie\",\"potentialAction\":[{\"@type\":\"SearchAction\",\"target\":{\"@type\":\"EntryPoint\",\"urlTemplate\":\"https:\/\/spheriq.ch\/fr\/?s={search_term_string}\"},\"query-input\":{\"@type\":\"PropertyValueSpecification\",\"valueRequired\":true,\"valueName\":\"search_term_string\"}}],\"inLanguage\":\"fr-FR\"}]}<\/script>\n<!-- \/ Yoast SEO plugin. -->","yoast_head_json":{"title":"Fondations \u00e0 Soleure","description":"D\u00e9couvrir les fondations \u00e0 Soleure \u2794 Spheriq\u2705 Organisations donatrices, actualit\u00e9s & contacts dans l'annuaire des fondations \u2705 La plus grande plateforme de dons en Suisse \u2705.","robots":{"index":"index","follow":"follow","max-snippet":"max-snippet:-1","max-image-preview":"max-image-preview:large","max-video-preview":"max-video-preview:-1"},"canonical":"https:\/\/spheriq.ch\/fr\/repertoire-des-fondations\/fondations-a-soleure\/","og_locale":"fr_FR","og_type":"article","og_title":"Fondations \u00e0 Soleure","og_description":"D\u00e9couvrir les fondations \u00e0 Soleure \u2794 Spheriq\u2705 Organisations donatrices, actualit\u00e9s & contacts dans l'annuaire des fondations \u2705 La plus grande plateforme de dons en Suisse \u2705.","og_url":"https:\/\/spheriq.ch\/fr\/repertoire-des-fondations\/fondations-a-soleure\/","og_site_name":"Spheriq","article_modified_time":"2023-12-18T17:33:02+00:00","twitter_card":"summary_large_image","twitter_misc":{"Dur\u00e9e de lecture estim\u00e9e":"5 minutes"},"schema":{"@context":"https:\/\/schema.org","@graph":[{"@type":"WebPage","@id":"https:\/\/spheriq.ch\/fr\/repertoire-des-fondations\/fondations-a-soleure\/","url":"https:\/\/spheriq.ch\/fr\/repertoire-des-fondations\/fondations-a-soleure\/","name":"Fondations \u00e0 Soleure","isPartOf":{"@id":"https:\/\/spheriq.ch\/fr\/#website"},"datePublished":"2023-01-16T10:57:55+00:00","dateModified":"2023-12-18T17:33:02+00:00","description":"D\u00e9couvrir les fondations \u00e0 Soleure \u2794 Spheriq\u2705 Organisations donatrices, actualit\u00e9s & contacts dans l'annuaire des fondations \u2705 La plus grande plateforme de dons en Suisse \u2705.","breadcrumb":{"@id":"https:\/\/spheriq.ch\/fr\/repertoire-des-fondations\/fondations-a-soleure\/#breadcrumb"},"inLanguage":"fr-FR","potentialAction":[{"@type":"ReadAction","target":["https:\/\/spheriq.ch\/fr\/repertoire-des-fondations\/fondations-a-soleure\/"]}]},{"@type":"BreadcrumbList","@id":"https:\/\/spheriq.ch\/fr\/repertoire-des-fondations\/fondations-a-soleure\/#breadcrumb","itemListElement":[{"@type":"ListItem","position":1,"name":"Home","item":"https:\/\/spheriq.ch\/fr\/"},{"@type":"ListItem","position":2,"name":"R\u00e9pertoire des fondations","item":"https:\/\/spheriq.ch\/fr\/repertoire-des-fondations\/"},{"@type":"ListItem","position":3,"name":"Fondations \u00e0 Soleure"}]},{"@type":"WebSite","@id":"https:\/\/spheriq.ch\/fr\/#website","url":"https:\/\/spheriq.ch\/fr\/","name":"Spheriq","description":"Spheriq | Online-Portal f\u00fcr Philanthropie","potentialAction":[{"@type":"SearchAction","target":{"@type":"EntryPoint","urlTemplate":"https:\/\/spheriq.ch\/fr\/?s={search_term_string}"},"query-input":{"@type":"PropertyValueSpecification","valueRequired":true,"valueName":"search_term_string"}}],"inLanguage":"fr-FR"}]}},"_links":{"self":[{"href":"https:\/\/spheriq.ch\/fr\/wp-json\/wp\/v2\/pages\/8099","targetHints":{"allow":["GET"]}}],"collection":[{"href":"https:\/\/spheriq.ch\/fr\/wp-json\/wp\/v2\/pages"}],"about":[{"href":"https:\/\/spheriq.ch\/fr\/wp-json\/wp\/v2\/types\/page"}],"author":[{"embeddable":true,"href":"https:\/\/spheriq.ch\/fr\/wp-json\/wp\/v2\/users\/2"}],"replies":[{"embeddable":true,"href":"https:\/\/spheriq.ch\/fr\/wp-json\/wp\/v2\/comments?post=8099"}],"version-history":[{"count":9,"href":"https:\/\/spheriq.ch\/fr\/wp-json\/wp\/v2\/pages\/8099\/revisions"}],"predecessor-version":[{"id":14156,"href":"https:\/\/spheriq.ch\/fr\/wp-json\/wp\/v2\/pages\/8099\/revisions\/14156"}],"up":[{"embeddable":true,"href":"https:\/\/spheriq.ch\/fr\/wp-json\/wp\/v2\/pages\/6315"}],"wp:attachment":[{"href":"https:\/\/spheriq.ch\/fr\/wp-json\/wp\/v2\/media?parent=8099"}],"curies":[{"name":"wp","href":"https:\/\/api.w.org\/{rel}","templated":true}]}}