{"id":8093,"date":"2023-01-16T11:24:46","date_gmt":"2023-01-16T11:24:46","guid":{"rendered":"https:\/\/spheriq.ch\/repertoire-des-fondations\/fondations-a-uri\/"},"modified":"2023-12-18T09:10:57","modified_gmt":"2023-12-18T09:10:57","slug":"fondations-a-uri","status":"publish","type":"page","link":"https:\/\/spheriq.ch\/fr\/repertoire-des-fondations\/fondations-a-uri\/","title":{"rendered":"Fondations \u00e0 Uri"},"content":{"rendered":"<div class=\"wp-block-cover alignfull is-light has-custom-content-position is-position-top-center\" style=\"min-height:227px;aspect-ratio:unset;\"><span aria-hidden=\"true\" class=\"wp-block-cover__background has-background-dim-100 has-background-dim\" style=\"background-color:#f7f7f7\"><\/span><div class=\"wp-block-cover__inner-container is-layout-constrained wp-block-cover-is-layout-constrained\"><h1 class=\"wp-block-heading\">Fondations dans le canton d&rsquo;Uri<\/h1>\n\n<p class=\"has-size-20-font-size\">Le canton d&rsquo;Uri comptait 57 fondations fin 2022. Compar\u00e9 aux 13&rsquo;635 fondations que compte la Suisse, ce chiffre semble faible au d\u00e9part. Par rapport \u00e0 la taille et \u00e0 la population du canton, elle correspond toutefois \u00e0 la moyenne nationale.<\/p><\/div><\/div><div class=\"wp-bootstrap-blocks-row row\">\n\t\n<div class=\"col-12 col-md-4\">\n\t\t\t<div class=\"p-3\">\n\t\t\t\n<div class=\"wp-block-custom-tree\"><div class=\"wp-block-custom-item-tree fat\"><span class=\"title\">Annuaire r\u00e9gional des fondations<\/span><span class=\"count\"><\/span><\/div>\n\n<div class=\"wp-block-custom-item-tree\"><a href=\"https:\/\/spheriq.ch\/stiftungsverzeichnis\/stiftungen-genferseeregion\/\"><span class=\"title\">Fondations de la r\u00e9gion l\u00e9manique<\/span><span class=\"count\"><\/span><\/a><\/div>\n\n<div class=\"wp-block-custom-tree\"><div class=\"wp-block-custom-item-tree\"><a href=\"https:\/\/spheriq.ch\/fr\/?page_id=7910\"><span class=\"title\">Fondations dans le canton de Gen\u00e8ve<\/span><span class=\"count\"><\/span><\/a><\/div>\n\n<div class=\"wp-block-custom-item-tree\"><a href=\"https:\/\/spheriq.ch\/stiftungsverzeichnis\/stiftungen-waadt\/\"><span class=\"title\">Fondations dans le canton de Vaud<\/span><span class=\"count\"><\/span><\/a><\/div>\n\n<div class=\"wp-block-custom-item-tree\"><a href=\"https:\/\/spheriq.ch\/stiftungsverzeichnis\/stiftungen-wallis\/\"><span class=\"title\">Fondations dans le canton du Valais<\/span><span class=\"count\"><\/span><\/a><\/div><\/div><\/div>\n\n<div class=\"wp-block-custom-tree\"><div class=\"wp-block-custom-item-tree\"><a href=\"https:\/\/spheriq.ch\/stiftungsverzeichnis\/stiftungen-espace-mittelland\/\"><span class=\"title\">Fondations Espace Mittelland<\/span><span class=\"count\"><\/span><\/a><\/div>\n\n<div class=\"wp-block-custom-tree\"><div class=\"wp-block-custom-item-tree\"><a href=\"https:\/\/spheriq.ch\/stiftungsverzeichnis\/stiftungen-bern\/\"><span class=\"title\">Fondations dans le canton de Berne<\/span><span class=\"count\"><\/span><\/a><\/div>\n\n<div class=\"wp-block-custom-item-tree\"><a href=\"https:\/\/spheriq.ch\/stiftungsverzeichnis\/stiftungen-freiburg\/\"><span class=\"title\">Fondations dans le canton de Fribourg<\/span><span class=\"count\"><\/span><\/a><\/div>\n\n<div class=\"wp-block-custom-item-tree\"><a href=\"https:\/\/spheriq.ch\/stiftungsverzeichnis\/stiftungen-solothurn\/\"><span class=\"title\">Fondations dans le canton de Soleure<\/span><span class=\"count\"><\/span><\/a><\/div>\n\n<div class=\"wp-block-custom-item-tree\"><a href=\"https:\/\/spheriq.ch\/stiftungsverzeichnis\/stiftungen-neuenburg\/\"><span class=\"title\">Fondations dans le canton de Neuch\u00e2tel<\/span><span class=\"count\"><\/span><\/a><\/div>\n\n<div class=\"wp-block-custom-item-tree\"><a href=\"https:\/\/spheriq.ch\/stiftungsverzeichnis\/stiftungen-jura\/\"><span class=\"title\">Fondations dans le canton du Jura<\/span><span class=\"count\"><\/span><\/a><\/div><\/div><\/div>\n\n<div class=\"wp-block-custom-tree\"><div class=\"wp-block-custom-item-tree\"><a href=\"https:\/\/spheriq.ch\/stiftungsverzeichnis\/stiftungen-nordwestschweiz\/\"><span class=\"title\">Fondations du nord-ouest de la Suisse<\/span><span class=\"count\"><\/span><\/a><\/div>\n\n<div class=\"wp-block-custom-tree\"><div class=\"wp-block-custom-item-tree\"><a href=\"https:\/\/spheriq.ch\/stiftungsverzeichnis\/stiftungen-basel\/\"><span class=\"title\">Fondations dans le canton de B\u00e2le-Ville<\/span><span class=\"count\"><\/span><\/a><\/div>\n\n<div class=\"wp-block-custom-item-tree\"><a href=\"https:\/\/spheriq.ch\/stiftungsverzeichnis\/stiftungen-basel-landschaft\/\"><span class=\"title\">Fondations dans le canton de B\u00e2le-Campagne<\/span><span class=\"count\"><\/span><\/a><\/div>\n\n<div class=\"wp-block-custom-item-tree\"><a href=\"https:\/\/spheriq.ch\/fr\/?page_id=7890\"><span class=\"title\">Fondations dans le canton d&rsquo;Argovie<\/span><span class=\"count\"><\/span><\/a><\/div><\/div>\n\n<div class=\"wp-block-custom-item-tree\"><a href=\"https:\/\/spheriq.ch\/stiftungsverzeichnis\/stiftungen-zuerich\/\"><span class=\"title\">Fondations Zurich<\/span><span class=\"count\"><\/span><\/a><\/div>\n\n<div class=\"wp-block-custom-item-tree\"><a href=\"https:\/\/spheriq.ch\/stiftungsverzeichnis\/stiftungen-ostschweiz\/\"><span class=\"title\">Fondations de Suisse orientale<\/span><span class=\"count\"><\/span><\/a><\/div><\/div>\n\n<div class=\"wp-block-custom-tree\"><div class=\"wp-block-custom-tree\"><div class=\"wp-block-custom-item-tree\"><a href=\"https:\/\/spheriq.ch\/stiftungsverzeichnis\/stiftungen-stgallen\/\"><span class=\"title\">Fondations dans le canton de Saint-Gall<\/span><span class=\"count\"><\/span><\/a><\/div>\n\n<div class=\"wp-block-custom-item-tree\"><a href=\"https:\/\/spheriq.ch\/stiftungsverzeichnis\/stiftungen-thurgau\/\"><span class=\"title\">Fondations dans le canton de Thurgovie<\/span><span class=\"count\"><\/span><\/a><\/div>\n\n<div class=\"wp-block-custom-item-tree\"><a href=\"https:\/\/spheriq.ch\/stiftungsverzeichnis\/stiftungen-appenzell-innerrhoden\/\"><span class=\"title\">Fondations dans le canton d&rsquo;Appenzell Rhodes-Int\u00e9rieures<\/span><span class=\"count\"><\/span><\/a><\/div>\n\n<div class=\"wp-block-custom-item-tree\"><a href=\"https:\/\/spheriq.ch\/fr\/?page_id=7905\"><span class=\"title\">Fondations dans le canton d&rsquo;Appenzell Rhodes-Ext\u00e9rieures<\/span><span class=\"count\"><\/span><\/a><\/div>\n\n<div class=\"wp-block-custom-item-tree\"><a href=\"https:\/\/spheriq.ch\/stiftungsverzeichnis\/stiftungen-glarus\/\"><span class=\"title\">Fondations dans le canton de Glaris<\/span><span class=\"count\"><\/span><\/a><\/div>\n\n<div class=\"wp-block-custom-item-tree\"><a href=\"https:\/\/spheriq.ch\/stiftungsverzeichnis\/stiftungen-schaffhausen\/\"><span class=\"title\">Fondations dans le canton de Schaffhouse<\/span><span class=\"count\"><\/span><\/a><\/div>\n\n<div class=\"wp-block-custom-item-tree\"><a href=\"https:\/\/spheriq.ch\/stiftungsverzeichnis\/stiftungen-graubuenden\/\"><span class=\"title\">Fondations dans le canton des Grisons<\/span><span class=\"count\"><\/span><\/a><\/div><\/div>\n\n<div class=\"wp-block-custom-item-tree\"><a href=\"https:\/\/spheriq.ch\/stiftungsverzeichnis\/stiftungen-zentralschweiz\/\"><span class=\"title\">Fondations Suisse centrale<\/span><span class=\"count\"><\/span><\/a><\/div>\n\n<div class=\"wp-block-custom-tree\"><div class=\"wp-block-custom-item-tree\"><a href=\"https:\/\/spheriq.ch\/stiftungsverzeichnis\/stiftungen-luzern\/\"><span class=\"title\">Fondations dans le canton de Lucerne<\/span><span class=\"count\"><\/span><\/a><\/div>\n\n<div class=\"wp-block-custom-item-tree\"><a href=\"https:\/\/spheriq.ch\/fr\/repertoire-des-fondations\/fondations-a-uri\/\"><span class=\"title\">Fondations dans le canton d&rsquo;Uri<\/span><span class=\"count\"><\/span><\/a><\/div>\n\n<div class=\"wp-block-custom-item-tree\"><a href=\"https:\/\/spheriq.ch\/stiftungsverzeichnis\/stiftungen-schwyz\/\"><span class=\"title\">Fondations dans le canton de Schwyz<\/span><span class=\"count\"><\/span><\/a><\/div>\n\n<div class=\"wp-block-custom-item-tree\"><a href=\"https:\/\/spheriq.ch\/stiftungsverzeichnis\/stiftungen-obwalden\/\"><span class=\"title\">Fondations dans le canton d&rsquo;Obwald<\/span><span class=\"count\"><\/span><\/a><\/div>\n\n<div class=\"wp-block-custom-item-tree\"><a href=\"https:\/\/spheriq.ch\/stiftungsverzeichnis\/stiftungen-nidwalden\/\"><span class=\"title\">Fondations dans le canton de Nidwald<\/span><span class=\"count\"><\/span><\/a><\/div>\n\n<div class=\"wp-block-custom-item-tree\"><a href=\"https:\/\/spheriq.ch\/stiftungsverzeichnis\/stiftungen-zug\/\"><span class=\"title\">Fondations dans le canton de Zoug<\/span><span class=\"count\"><\/span><\/a><\/div><\/div>\n\n<div class=\"wp-block-custom-item-tree\"><a href=\"https:\/\/spheriq.ch\/stiftungsverzeichnis\/stiftungen-tessin\/\"><span class=\"title\">Fondations Tessin<\/span><span class=\"count\"><\/span><\/a><\/div><\/div>\n\t\t<\/div>\n\t<\/div>\n\n<div class=\"col-12 col-md-8\">\n\t\t\t<div class=\"p-3\">\n\t\t\t\n<div class=\"container\"><ul class=\"nav nav-tabs\" role=\"tablist\"><li class=\"nav-item\" role=\"presentation\"><button data-hash=\"#toutes-les-organisations\" class=\"nav-link active\" id=\"t-275aa8a3-e33f-40c4-b376-a06aac0103f1-206a8fd1-39d9-4532-ad3e-91ff331900d7-tab\" data-bs-toggle=\"tab\" data-bs-target=\"#t-275aa8a3-e33f-40c4-b376-a06aac0103f1-206a8fd1-39d9-4532-ad3e-91ff331900d7\" type=\"button\" role=\"tab\" aria-controls=\"t-275aa8a3-e33f-40c4-b376-a06aac0103f1-206a8fd1-39d9-4532-ad3e-91ff331900d7\" aria-selected=\"true\">Toutes les organisations<\/button><\/li><li class=\"nav-item\" role=\"presentation\"><button data-hash=\"#organisations-donatrices\" class=\"nav-link\" id=\"t-275aa8a3-e33f-40c4-b376-a06aac0103f1-8efa90fe-9373-4f2c-883a-31c86deea2f0-tab\" data-bs-toggle=\"tab\" data-bs-target=\"#t-275aa8a3-e33f-40c4-b376-a06aac0103f1-8efa90fe-9373-4f2c-883a-31c86deea2f0\" type=\"button\" role=\"tab\" aria-controls=\"t-275aa8a3-e33f-40c4-b376-a06aac0103f1-8efa90fe-9373-4f2c-883a-31c86deea2f0\">Organisations donatrices<\/button><\/li><li class=\"nav-item\" role=\"presentation\"><button data-hash=\"#organisations-a-but-non-lucratif\" class=\"nav-link\" id=\"t-275aa8a3-e33f-40c4-b376-a06aac0103f1-66e60b67-a30c-4f34-9a88-bcbc27d683f2-tab\" data-bs-toggle=\"tab\" data-bs-target=\"#t-275aa8a3-e33f-40c4-b376-a06aac0103f1-66e60b67-a30c-4f34-9a88-bcbc27d683f2\" type=\"button\" role=\"tab\" aria-controls=\"t-275aa8a3-e33f-40c4-b376-a06aac0103f1-66e60b67-a30c-4f34-9a88-bcbc27d683f2\">Organisations \u00e0 but non lucratif<\/button><\/li><\/ul>\n<div class=\"wp-block-custom-tabs tab-test tab-content\" id=\"t-275aa8a3-e33f-40c4-b376-a06aac0103f1\"><div class=\"wp-block-custom-tab-item tab-pane tab-item active\"\" id=\"t-275aa8a3-e33f-40c4-b376-a06aac0103f1-206a8fd1-39d9-4532-ad3e-91ff331900d7\" role=\"tabpanel\" aria-labelledby=\"t-275aa8a3-e33f-40c4-b376-a06aac0103f1-206a8fd1-39d9-4532-ad3e-91ff331900d7-tab\"><div id=\"algolia-search-d40cb386-8a5d-4583-8f71-d12691888d15\"><div class=\"hidden fields\">\n        <input type=\"hidden\" class=\"algoliaBlockNum\"  value=\"d40cb386-8a5d-4583-8f71-d12691888d15\" >\n        <input type=\"hidden\" class=\"searchURL\" value=\"?active=organizations&amp;layout=grid&amp;legalTypeFilters=[&quot;Stiftungen&quot;]&amp;checkedCantons=[&quot;UR&quot;]&amp;page=0 \" \/>\n        <input type=\"hidden\" class=\"algoliaPerPage\" value=\"20\">\n        <input type=\"hidden\" class=\"algoliaPerRow\" value=\"2\">\n        <input type=\"hidden\" class=\"maxResult\" value=\"3\">\n        <input type=\"hidden\" class=\"linkURL\" value=\"https:\/\/stiftungen.stiftungschweiz.ch\/organisation\">\n        <\/div><div id=\"algolia-filters-hierarchical-menu-d40cb386-8a5d-4583-8f71-d12691888d15\"><\/div><div id=\"searchbox-d40cb386-8a5d-4583-8f71-d12691888d15\" class=\"ais-SearchBox search d-none\"><\/div><div class=\"top-bar\"><div id=\"count-results-d40cb386-8a5d-4583-8f71-d12691888d15\"><\/div><div data-id=\"d40cb386-8a5d-4583-8f71-d12691888d15\" class=\"switch-view\"><a href=\"javascript:;\" class=\"horizontal\"><i class=\"icon-horizontal\"><\/i><\/a><a href=\"javascript:;\" class=\"cards\"><i class=\"icon-cards\"><\/i><\/a><\/div><\/div><div class=\"hits per-row-2\" id=\"hits-d40cb386-8a5d-4583-8f71-d12691888d15\"><\/div><div class=\"form-group text-center\" id=\"algolia-filters-navigation-d40cb386-8a5d-4583-8f71-d12691888d15\"><\/div><\/div>\n\n<p><\/p><\/div>\n\n<div class=\"wp-block-custom-tab-item tab-pane tab-item\" id=\"t-275aa8a3-e33f-40c4-b376-a06aac0103f1-8efa90fe-9373-4f2c-883a-31c86deea2f0\" role=\"tabpanel\" aria-labelledby=\"t-275aa8a3-e33f-40c4-b376-a06aac0103f1-8efa90fe-9373-4f2c-883a-31c86deea2f0-tab\"><div id=\"algolia-search-e81a19f9-d0f1-47fe-a389-a41af926275f\"><div class=\"hidden fields\">\n        <input type=\"hidden\" class=\"algoliaBlockNum\"  value=\"e81a19f9-d0f1-47fe-a389-a41af926275f\" >\n        <input type=\"hidden\" class=\"searchURL\" value=\"?active=grantmakers&amp;layout=grid&amp;checkedCantons=[&quot;UR&quot;]&amp;page=0\" \/>\n        <input type=\"hidden\" class=\"algoliaPerPage\" value=\"20\">\n        <input type=\"hidden\" class=\"algoliaPerRow\" value=\"2\">\n        <input type=\"hidden\" class=\"maxResult\" value=\"3\">\n        <input type=\"hidden\" class=\"linkURL\" value=\"https:\/\/stiftungen.stiftungschweiz.ch\/organisation\">\n        <\/div><div id=\"algolia-filters-hierarchical-menu-e81a19f9-d0f1-47fe-a389-a41af926275f\"><\/div><div id=\"searchbox-e81a19f9-d0f1-47fe-a389-a41af926275f\" class=\"ais-SearchBox search d-none\"><\/div><div class=\"top-bar\"><div id=\"count-results-e81a19f9-d0f1-47fe-a389-a41af926275f\"><\/div><div data-id=\"e81a19f9-d0f1-47fe-a389-a41af926275f\" class=\"switch-view\"><a href=\"javascript:;\" class=\"horizontal\"><i class=\"icon-horizontal\"><\/i><\/a><a href=\"javascript:;\" class=\"cards\"><i class=\"icon-cards\"><\/i><\/a><\/div><\/div><div class=\"hits per-row-2\" id=\"hits-e81a19f9-d0f1-47fe-a389-a41af926275f\"><\/div><div class=\"form-group text-center\" id=\"algolia-filters-navigation-e81a19f9-d0f1-47fe-a389-a41af926275f\"><\/div><\/div><\/div>\n\n<div class=\"wp-block-custom-tab-item tab-pane tab-item\" id=\"t-275aa8a3-e33f-40c4-b376-a06aac0103f1-66e60b67-a30c-4f34-9a88-bcbc27d683f2\" role=\"tabpanel\" aria-labelledby=\"t-275aa8a3-e33f-40c4-b376-a06aac0103f1-66e60b67-a30c-4f34-9a88-bcbc27d683f2-tab\"><div id=\"algolia-search-f792135f-cd6e-4617-bdb3-505b7fd599e6\"><div class=\"hidden fields\">\n        <input type=\"hidden\" class=\"algoliaBlockNum\"  value=\"f792135f-cd6e-4617-bdb3-505b7fd599e6\" >\n        <input type=\"hidden\" class=\"searchURL\" value=\"?active=project_owners&amp;layout=grid&amp;checkedCantons=[&quot;UR&quot;]&amp;page=0\" \/>\n        <input type=\"hidden\" class=\"algoliaPerPage\" value=\"20\">\n        <input type=\"hidden\" class=\"algoliaPerRow\" value=\"2\">\n        <input type=\"hidden\" class=\"maxResult\" value=\"3\">\n        <input type=\"hidden\" class=\"linkURL\" value=\"https:\/\/stiftungen.stiftungschweiz.ch\/organisation\">\n        <\/div><div id=\"algolia-filters-hierarchical-menu-f792135f-cd6e-4617-bdb3-505b7fd599e6\"><\/div><div id=\"searchbox-f792135f-cd6e-4617-bdb3-505b7fd599e6\" class=\"ais-SearchBox search d-none\"><\/div><div class=\"top-bar\"><div id=\"count-results-f792135f-cd6e-4617-bdb3-505b7fd599e6\"><\/div><div data-id=\"f792135f-cd6e-4617-bdb3-505b7fd599e6\" class=\"switch-view\"><a href=\"javascript:;\" class=\"horizontal\"><i class=\"icon-horizontal\"><\/i><\/a><a href=\"javascript:;\" class=\"cards\"><i class=\"icon-cards\"><\/i><\/a><\/div><\/div><div class=\"hits per-row-2\" id=\"hits-f792135f-cd6e-4617-bdb3-505b7fd599e6\"><\/div><div class=\"form-group text-center\" id=\"algolia-filters-navigation-f792135f-cd6e-4617-bdb3-505b7fd599e6\"><\/div><\/div><\/div><\/div>\n<\/div>\n\t\t<\/div>\n\t<\/div>\n<\/div><div class=\"wp-block-cover alignfull is-light has-custom-content-position is-position-top-center\" style=\"min-height:227px;aspect-ratio:unset;\"><span aria-hidden=\"true\" class=\"wp-block-cover__background has-background-dim-100 has-background-dim\" style=\"background-color:#f7f7f7\"><\/span><div class=\"wp-block-cover__inner-container is-layout-constrained wp-block-cover-is-layout-constrained\"><div class=\"wp-bootstrap-blocks-row row\">\n\t\n<div class=\"col-12 col-md-12\">\n\t\t\t\n<h2 class=\"wp-block-heading\">Uri : patrie de Guillaume Tell et de la D\u00e4twyler Stiftung<\/h2>\n\n<p><\/p>\n\n<p>Le canton d&rsquo;Uri offre un paysage et une histoire riches, avec une grande vari\u00e9t\u00e9 d&rsquo;attractions. En hiver, les imposants paysages de montagne se transforment en v\u00e9ritables hotspots de ski, l&rsquo;idyllique lac d&rsquo;Uri et les glaciers du Gothard sont tout aussi connus et appr\u00e9ci\u00e9s. De plus, le canton primitif est connu pour \u00eatre la patrie du h\u00e9ros national Guillaume Tell et abrite en outre diverses fondations : Selon le rapport sur les fondations en Suisse, elles \u00e9taient 57 au total fin 2022, ce qui correspond \u00e0 une croissance par rapport \u00e0 l&rsquo;ann\u00e9e pr\u00e9c\u00e9dente &#8211; deux nouvelles fondations ont \u00e9t\u00e9 cr\u00e9\u00e9es. A premi\u00e8re vue, cela semble peu par rapport aux 13&rsquo;635 fondations actives dans toute la Suisse, mais pour les quelque 37&rsquo;000 habitants du canton, cela repr\u00e9sente 15,3 fondations pour 10&rsquo;000 personnes, ce qui correspond \u00e0 peu pr\u00e8s \u00e0 la moyenne nationale.<\/p>\n\n<h3 class=\"wp-block-heading has-size-24-font-size\"><strong>Le paysage des fondations dans le canton d&rsquo;Uri<\/strong><\/h3>\n\n<p>De nombreuses fondations \u00e9tablies ou actives dans le canton d&rsquo;Uri s&rsquo;engagent dans le domaine social. Par exemple, la Stiftung Behindertenbetriebe Uri et la Stiftung Ph\u00f6nix Uri s&rsquo;engagent pour la qualit\u00e9 de vie des personnes handicap\u00e9es, tandis que la fondation Pro Senectute du canton d&rsquo;Uri pr\u00e9serve et promeut le bien-\u00eatre de la population \u00e2g\u00e9e de la r\u00e9gion.<\/p>\n\n<p>Les fondations r\u00e9gionales se concentrent \u00e9galement sur l&rsquo;art et la culture, la sant\u00e9 et l&rsquo;\u00e9ducation. De nombreuses fondations ne se contentent pas de promouvoir, mais s&rsquo;engagent aussi activement avec leurs propres projets. Cela passe par exemple par la gestion de lieux de rencontre culturels, la r\u00e9alisation de mesures de renaturation ou la pr\u00e9servation de sites historiques.<\/p>\n\n<div class=\"wp-block-cover alignfull is-light\" style=\"min-height:50px;aspect-ratio:unset;\"><span aria-hidden=\"true\" class=\"wp-block-cover__background has-background-dim-100 has-background-dim has-background-gradient\" style=\"background:linear-gradient(114deg,rgba(255,0,255,0.32) 0%,rgba(255,0,0,0.65) 98%)\"><\/span><div class=\"wp-block-cover__inner-container is-layout-constrained wp-block-cover-is-layout-constrained\"><div class=\"wp-bootstrap-blocks-row row justify-content-center align-items-center\">\n\t\n<div class=\"col-12 col-md-4\">\n\t\t\t\n<p class=\"has-text-align-center has-size-24-font-size\" style=\"line-height:1.1\">Utilisez la fonction de recherche et cr\u00e9ez des profils en ligne pour votre organisation et vos projets &#8211; <strong>gratuitement<\/strong>.<\/p>\n\t<\/div>\n\n<div class=\"col-12 col-md-4\">\n\t\t\t\n<div class=\"wp-block-buttons is-content-justification-center is-layout-flex wp-container-core-buttons-is-layout-a89b3969 wp-block-buttons-is-layout-flex\"><div class=\"wp-block-button is-style-btn-primary is-style-btn-primary--1\"><a class=\"wp-block-button__link wp-element-button\" href=\"https:\/\/app.spheriq.ch\/registrieren\">Inscrivez-vous gratuitement d\u00e8s maintenant<\/a><\/div><\/div>\n\t<\/div>\n<\/div><\/div><\/div>\n\n<p>Quand on parle de fondations \u00e0 Uri, on ne peut bien s\u00fbr pas oublier la D\u00e4twyler Stiftung, bas\u00e9e \u00e0 Altdorf.<\/p>\n\n<h3 class=\"wp-block-heading has-size-24-font-size\"><strong>Trouver des organisations donatrices &amp; des organisations \u00e0 but non lucratif en Uri<\/strong><\/h3>\n\n<p>Vous \u00eates \u00e0 la recherche d&rsquo;une fondation appropri\u00e9e dans le canton d&rsquo;Uri ? Dans le r\u00e9pertoire des fondations de Spheriq, vous pouvez en quelques clics, gr\u00e2ce \u00e0 des filtres intuitifs, affiner rapidement votre recherche et trouver ce que vous cherchez. De plus, la plateforme donne un aper\u00e7u des projets en cours &#8211; dans le canton d&rsquo;Uri ou dans toute la Suisse.<\/p>\n\t<\/div>\n<\/div><\/div><\/div>","protected":false},"excerpt":{"rendered":"","protected":false},"author":2,"featured_media":0,"parent":6315,"menu_order":0,"comment_status":"closed","ping_status":"closed","template":"","meta":{"_acf_changed":false,"footnotes":""},"class_list":["post-8093","page","type-page","status-publish","hentry"],"acf":[],"yoast_head":"<!-- This site is optimized with the Yoast SEO plugin v26.9 - https:\/\/yoast.com\/product\/yoast-seo-wordpress\/ -->\n<title>Fondations \u00e0 Uri<\/title>\n<meta name=\"description\" content=\"Fondations dans le canton d&#039;Uri. Utilisez maintenant l&#039;annuaire r\u00e9gional des fondations et trouvez les fondations qui vous conviennent.\" \/>\n<meta name=\"robots\" content=\"index, follow, max-snippet:-1, max-image-preview:large, max-video-preview:-1\" \/>\n<link rel=\"canonical\" href=\"https:\/\/spheriq.ch\/fr\/repertoire-des-fondations\/fondations-a-uri\/\" \/>\n<meta property=\"og:locale\" content=\"fr_FR\" \/>\n<meta property=\"og:type\" content=\"article\" \/>\n<meta property=\"og:title\" content=\"Fondations \u00e0 Uri\" \/>\n<meta property=\"og:description\" content=\"Fondations dans le canton d&#039;Uri. Utilisez maintenant l&#039;annuaire r\u00e9gional des fondations et trouvez les fondations qui vous conviennent.\" \/>\n<meta property=\"og:url\" content=\"https:\/\/spheriq.ch\/fr\/repertoire-des-fondations\/fondations-a-uri\/\" \/>\n<meta property=\"og:site_name\" content=\"Spheriq\" \/>\n<meta property=\"article:modified_time\" content=\"2023-12-18T09:10:57+00:00\" \/>\n<meta name=\"twitter:card\" content=\"summary_large_image\" \/>\n<meta name=\"twitter:label1\" content=\"Dur\u00e9e de lecture estim\u00e9e\" \/>\n\t<meta name=\"twitter:data1\" content=\"4 minutes\" \/>\n<script type=\"application\/ld+json\" class=\"yoast-schema-graph\">{\"@context\":\"https:\/\/schema.org\",\"@graph\":[{\"@type\":\"WebPage\",\"@id\":\"https:\/\/spheriq.ch\/fr\/repertoire-des-fondations\/fondations-a-uri\/\",\"url\":\"https:\/\/spheriq.ch\/fr\/repertoire-des-fondations\/fondations-a-uri\/\",\"name\":\"Fondations \u00e0 Uri\",\"isPartOf\":{\"@id\":\"https:\/\/spheriq.ch\/fr\/#website\"},\"datePublished\":\"2023-01-16T11:24:46+00:00\",\"dateModified\":\"2023-12-18T09:10:57+00:00\",\"description\":\"Fondations dans le canton d'Uri. Utilisez maintenant l'annuaire r\u00e9gional des fondations et trouvez les fondations qui vous conviennent.\",\"breadcrumb\":{\"@id\":\"https:\/\/spheriq.ch\/fr\/repertoire-des-fondations\/fondations-a-uri\/#breadcrumb\"},\"inLanguage\":\"fr-FR\",\"potentialAction\":[{\"@type\":\"ReadAction\",\"target\":[\"https:\/\/spheriq.ch\/fr\/repertoire-des-fondations\/fondations-a-uri\/\"]}]},{\"@type\":\"BreadcrumbList\",\"@id\":\"https:\/\/spheriq.ch\/fr\/repertoire-des-fondations\/fondations-a-uri\/#breadcrumb\",\"itemListElement\":[{\"@type\":\"ListItem\",\"position\":1,\"name\":\"Home\",\"item\":\"https:\/\/spheriq.ch\/fr\/\"},{\"@type\":\"ListItem\",\"position\":2,\"name\":\"R\u00e9pertoire des fondations\",\"item\":\"https:\/\/spheriq.ch\/fr\/repertoire-des-fondations\/\"},{\"@type\":\"ListItem\",\"position\":3,\"name\":\"Fondations \u00e0 Uri\"}]},{\"@type\":\"WebSite\",\"@id\":\"https:\/\/spheriq.ch\/fr\/#website\",\"url\":\"https:\/\/spheriq.ch\/fr\/\",\"name\":\"Spheriq\",\"description\":\"Spheriq | Online-Portal f\u00fcr Philanthropie\",\"potentialAction\":[{\"@type\":\"SearchAction\",\"target\":{\"@type\":\"EntryPoint\",\"urlTemplate\":\"https:\/\/spheriq.ch\/fr\/?s={search_term_string}\"},\"query-input\":{\"@type\":\"PropertyValueSpecification\",\"valueRequired\":true,\"valueName\":\"search_term_string\"}}],\"inLanguage\":\"fr-FR\"}]}<\/script>\n<!-- \/ Yoast SEO plugin. -->","yoast_head_json":{"title":"Fondations \u00e0 Uri","description":"Fondations dans le canton d'Uri. Utilisez maintenant l'annuaire r\u00e9gional des fondations et trouvez les fondations qui vous conviennent.","robots":{"index":"index","follow":"follow","max-snippet":"max-snippet:-1","max-image-preview":"max-image-preview:large","max-video-preview":"max-video-preview:-1"},"canonical":"https:\/\/spheriq.ch\/fr\/repertoire-des-fondations\/fondations-a-uri\/","og_locale":"fr_FR","og_type":"article","og_title":"Fondations \u00e0 Uri","og_description":"Fondations dans le canton d'Uri. Utilisez maintenant l'annuaire r\u00e9gional des fondations et trouvez les fondations qui vous conviennent.","og_url":"https:\/\/spheriq.ch\/fr\/repertoire-des-fondations\/fondations-a-uri\/","og_site_name":"Spheriq","article_modified_time":"2023-12-18T09:10:57+00:00","twitter_card":"summary_large_image","twitter_misc":{"Dur\u00e9e de lecture estim\u00e9e":"4 minutes"},"schema":{"@context":"https:\/\/schema.org","@graph":[{"@type":"WebPage","@id":"https:\/\/spheriq.ch\/fr\/repertoire-des-fondations\/fondations-a-uri\/","url":"https:\/\/spheriq.ch\/fr\/repertoire-des-fondations\/fondations-a-uri\/","name":"Fondations \u00e0 Uri","isPartOf":{"@id":"https:\/\/spheriq.ch\/fr\/#website"},"datePublished":"2023-01-16T11:24:46+00:00","dateModified":"2023-12-18T09:10:57+00:00","description":"Fondations dans le canton d'Uri. Utilisez maintenant l'annuaire r\u00e9gional des fondations et trouvez les fondations qui vous conviennent.","breadcrumb":{"@id":"https:\/\/spheriq.ch\/fr\/repertoire-des-fondations\/fondations-a-uri\/#breadcrumb"},"inLanguage":"fr-FR","potentialAction":[{"@type":"ReadAction","target":["https:\/\/spheriq.ch\/fr\/repertoire-des-fondations\/fondations-a-uri\/"]}]},{"@type":"BreadcrumbList","@id":"https:\/\/spheriq.ch\/fr\/repertoire-des-fondations\/fondations-a-uri\/#breadcrumb","itemListElement":[{"@type":"ListItem","position":1,"name":"Home","item":"https:\/\/spheriq.ch\/fr\/"},{"@type":"ListItem","position":2,"name":"R\u00e9pertoire des fondations","item":"https:\/\/spheriq.ch\/fr\/repertoire-des-fondations\/"},{"@type":"ListItem","position":3,"name":"Fondations \u00e0 Uri"}]},{"@type":"WebSite","@id":"https:\/\/spheriq.ch\/fr\/#website","url":"https:\/\/spheriq.ch\/fr\/","name":"Spheriq","description":"Spheriq | Online-Portal f\u00fcr Philanthropie","potentialAction":[{"@type":"SearchAction","target":{"@type":"EntryPoint","urlTemplate":"https:\/\/spheriq.ch\/fr\/?s={search_term_string}"},"query-input":{"@type":"PropertyValueSpecification","valueRequired":true,"valueName":"search_term_string"}}],"inLanguage":"fr-FR"}]}},"_links":{"self":[{"href":"https:\/\/spheriq.ch\/fr\/wp-json\/wp\/v2\/pages\/8093","targetHints":{"allow":["GET"]}}],"collection":[{"href":"https:\/\/spheriq.ch\/fr\/wp-json\/wp\/v2\/pages"}],"about":[{"href":"https:\/\/spheriq.ch\/fr\/wp-json\/wp\/v2\/types\/page"}],"author":[{"embeddable":true,"href":"https:\/\/spheriq.ch\/fr\/wp-json\/wp\/v2\/users\/2"}],"replies":[{"embeddable":true,"href":"https:\/\/spheriq.ch\/fr\/wp-json\/wp\/v2\/comments?post=8093"}],"version-history":[{"count":8,"href":"https:\/\/spheriq.ch\/fr\/wp-json\/wp\/v2\/pages\/8093\/revisions"}],"predecessor-version":[{"id":14058,"href":"https:\/\/spheriq.ch\/fr\/wp-json\/wp\/v2\/pages\/8093\/revisions\/14058"}],"up":[{"embeddable":true,"href":"https:\/\/spheriq.ch\/fr\/wp-json\/wp\/v2\/pages\/6315"}],"wp:attachment":[{"href":"https:\/\/spheriq.ch\/fr\/wp-json\/wp\/v2\/media?parent=8093"}],"curies":[{"name":"wp","href":"https:\/\/api.w.org\/{rel}","templated":true}]}}