{"id":18732,"date":"2024-09-16T11:52:23","date_gmt":"2024-09-16T11:52:23","guid":{"rendered":"https:\/\/spheriq.ch\/etudes-de-cas\/profil-et-repertoire\/"},"modified":"2024-10-16T13:01:52","modified_gmt":"2024-10-16T13:01:52","slug":"profil-et-repertoire","status":"publish","type":"page","link":"https:\/\/spheriq.ch\/fr\/etudes-de-cas\/profil-et-repertoire\/","title":{"rendered":"Profil et r\u00e9pertoire"},"content":{"rendered":"<h1 class=\"wp-block-heading\">Profil et r\u00e9pertoire : \u00c9tude de cas Gerbert R\u00fcf Stiftung et Age-Stiftung<\/h1><p><\/p><p class=\"has-size-20-font-size\"><strong>Savoir qui fait quoi et o\u00f9, quel impact et quel soutien: le r\u00e9pertoire de la plateforme stiftungschweiz.ch est un outil central, intelligemment con\u00e7u pour toutes les organisations donatrices, les organisations d&rsquo;utilit\u00e9 publique et les projets en Suisse. Il offre \u00e0 toutes les organisations d&rsquo;utilit\u00e9 publique, ind\u00e9pendamment de leur forme juridique, une possibilit\u00e9 simple et claire de se pr\u00e9senter en tant qu&rsquo;organisation et de pr\u00e9senter les priorit\u00e9s actuelles. <\/strong><\/p><p><\/p><div class=\"wp-block-cover alignfull is-light wp-elements-ccfa2f9dca0cd85db55fdfe0fa84ddc6\" style=\"padding-top:var(--wp--preset--spacing--40);padding-bottom:var(--wp--preset--spacing--40);min-height:150px;aspect-ratio:unset;\"><span aria-hidden=\"true\" class=\"wp-block-cover__background has-background-dim-100 has-background-dim\" style=\"background-color:#f7f7f7\"><\/span><div class=\"wp-block-cover__inner-container is-layout-constrained wp-block-cover-is-layout-constrained\"><h2 class=\"wp-block-heading has-primary-color has-text-color has-link-color wp-elements-1902e3371b1ff1e4d39544f33cded5d1\">Sur le terrain<\/h2>\n\n<p class=\"has-size-20-font-size\">Fleur Jaccard, directrice de Age-Stiftung, et Pascale Vonmont, CEO\/Directrice de Gebert R\u00fcf Stiftung, se sont entretenues avec Spheriq de leurs exp\u00e9riences avec leurs profils de fondation individuels. La Age-Stiftung met l&rsquo;accent sur la communication transparente et la cr\u00e9ation de r\u00e9seaux. Gebert R\u00fcf Stiftung, qui est une fondation transparente et publie d\u00e9j\u00e0 toutes les informations sur son site Internet, utilise les avantages de son profil de fondation surtout dans les domaines de la port\u00e9e et de la visibilit\u00e9.<\/p><\/div><\/div><div class=\"wp-block-columns is-layout-flex wp-container-core-columns-is-layout-28f84493 wp-block-columns-is-layout-flex\"><div class=\"wp-block-column is-layout-flow wp-block-column-is-layout-flow\" style=\"flex-basis:80%\"><div class=\"wp-block-columns is-layout-flex wp-container-core-columns-is-layout-28f84493 wp-block-columns-is-layout-flex\"><div class=\"wp-block-column is-layout-flow wp-block-column-is-layout-flow\" style=\"flex-basis:50%\"><p class=\"has-black-color has-text-color has-link-color has-size-22-font-size wp-elements-048a7698f14fb0f5e04bc7e5ab0bedec\"><strong>Quels avantages sp\u00e9cifiques votre profil de fondation vous offre-t-il dans votre travail quotidien ?<\/strong><\/p>\n\n<p class=\"has-size-20-font-size\"><strong>Fleur Jaccard<\/strong>, directrice de Age-Stiftung: Le profil de la fondation nous permet de communiquer de mani\u00e8re concise la strat\u00e9gie et les domaines d&rsquo;action de Age-Stiftung et facilite la recherche de coop\u00e9rations appropri\u00e9es. Nous ne pouvons pas encore quantifier l&rsquo;impact de notre profil de fondation \u00e0 l&rsquo;heure actuelle.<\/p>\n\n<p class=\"has-size-20-font-size\"><strong>Pascale Vonmont<\/strong>, directrice de Gebert R\u00fcf Stiftung: Le profil de Gebert R\u00fcf Stiftung agit comme une plateforme suppl\u00e9mentaire en plus de notre site web avec des informations de base plus d\u00e9taill\u00e9es. Ainsi, davantage de partenaires peuvent nous trouver.<\/p><\/div>\n\n<div class=\"wp-block-column is-layout-flow wp-block-column-is-layout-flow\" style=\"flex-basis:50%\"><figure class=\"wp-block-image size-full\"><img loading=\"lazy\" decoding=\"async\" width=\"765\" height=\"962\" src=\"https:\/\/spheriq.ch\/wp-content\/uploads\/2024\/10\/Case-Study-Profil.png\" alt=\"\" class=\"wp-image-18736\" style=\"object-fit:cover\" srcset=\"https:\/\/spheriq.ch\/wp-content\/uploads\/2024\/10\/Case-Study-Profil.png 765w, https:\/\/spheriq.ch\/wp-content\/uploads\/2024\/10\/Case-Study-Profil-239x300.png 239w, https:\/\/spheriq.ch\/wp-content\/uploads\/2024\/10\/Case-Study-Profil-19x24.png 19w, https:\/\/spheriq.ch\/wp-content\/uploads\/2024\/10\/Case-Study-Profil-29x36.png 29w, https:\/\/spheriq.ch\/wp-content\/uploads\/2024\/10\/Case-Study-Profil-38x48.png 38w\" sizes=\"auto, (max-width: 765px) 100vw, 765px\" \/><\/figure><\/div><\/div>\n\n<p class=\"has-size-22-font-size\"><strong>Quels sont les avantages imm\u00e9diats et \u00e0 long terme du profil ?<\/strong><\/p>\n\n<p class=\"has-size-20-font-size\"><strong>Pascale Vonmont<\/strong>: Nous devons \u00eatre vus et trouv\u00e9s, notre profil, en tant que canal de grande couverture, augmente la visibilit\u00e9 pour de nouveaux partenaires et projets. A long terme, c&rsquo;est un avantage pour la strat\u00e9gie de r\u00e9seau et de coop\u00e9ration de Gebert R\u00fcf Stiftung.<\/p>\n\n<p class=\"has-size-20-font-size\"><strong>Fleur Jaccard<\/strong>: A moyen terme, un profil de fondation accrocheur conduit \u00e0 des demandes plus cibl\u00e9es et favorise la constitution de r\u00e9seaux. Il facilite la recherche proverbiale et la d\u00e9couverte d&rsquo;une aiguille dans une botte de foin. Nous donnons ainsi un signal de transparence dans le secteur de la philanthropie.<\/p>\n\n<div style=\"height:30px\" aria-hidden=\"true\" class=\"wp-block-spacer\"><\/div><\/div><\/div><div class=\"wp-block-columns is-layout-flex wp-container-core-columns-is-layout-28f84493 wp-block-columns-is-layout-flex\"><div class=\"wp-block-column has-size-20-font-size is-layout-flow wp-block-column-is-layout-flow\" style=\"flex-basis:80%\"><p class=\"has-size-22-font-size\"><strong>Quels ont \u00e9t\u00e9 les d\u00e9fis rencontr\u00e9s lors du processus de cr\u00e9ation du profil, quels sont ceux rencontr\u00e9s lors de l&rsquo;utilisation du profil ?<\/strong><\/p>\n\n<p class=\"has-size-20-font-size\"><strong>Fleur Jaccard<\/strong>: Le d\u00e9fi peut se r\u00e9sumer \u00e0 la maxime &lsquo;keep it smart and simple&rsquo;. Bien s\u00fbr, la page de profil est d&rsquo;abord &lsquo;une page de plus&rsquo; qui doit \u00eatre remplie et entretenue. Mais l&rsquo;effort est limit\u00e9 et unique en son genre. Le remplissage des donn\u00e9es est simple et efficace gr\u00e2ce \u00e0 une interface intuitive. Et heureusement, les fondations ne changent pas d&rsquo;orientation strat\u00e9gique et de pratique de soutien tous les ans. Ainsi, seules quelques informations doivent \u00eatre mises \u00e0 jour r\u00e9guli\u00e8rement. La recherche de fondations comme partenaires de r\u00e9seau s&rsquo;est clairement simplifi\u00e9e gr\u00e2ce au r\u00e9pertoire des fondations. Il fonctionne parfaitement.<\/p>\n\n<div style=\"height:30px\" aria-hidden=\"true\" class=\"wp-block-spacer\"><\/div>\n\n<p class=\"has-size-22-font-size\"><strong>Quelle a \u00e9t\u00e9 l&rsquo;importance du changement de perspective, de l&rsquo;organisation donatrice \u00e0 la \u00ab personne en qu\u00eate d&rsquo;informations \u00bb ?<\/strong><\/p>\n\n<p><strong>Pascale Vonmont :<\/strong> Pour nous, le changement de perspective est pertinent pour trouver les meilleurs th\u00e8mes et projets. Le scouting a toujours \u00e9t\u00e9 un \u00e9l\u00e9ment essentiel de notre strat\u00e9gie, que nous vivons activement au sein de Gebert R\u00fcf Stiftung.<\/p>\n\n<p><strong>Fleur Jaccard :<\/strong> Si nous n\u00e9gligeons la perspective ext\u00e9rieure, nous g\u00e9n\u00e9rons des charges administratives inutiles &#8211; d&rsquo;abord pour les personnes \u00e0 la recherche de fonds et finalement aussi pour nous, les fondations, par exemple dans l&rsquo;examen des demandes qui ne correspondent pas au profil. Avec son profil, Spheriq pose exactement les bonnes questions, qui nous aident \u00e0 trouver des partenaires ad\u00e9quats.<\/p>\n\n<div style=\"height:30px\" aria-hidden=\"true\" class=\"wp-block-spacer\"><\/div>\n\n<div class=\"wp-block-columns has-gray-light-background-color has-background is-layout-flex wp-container-core-columns-is-layout-51c0b34d wp-block-columns-is-layout-flex\" style=\"padding-top:var(--wp--preset--spacing--50);padding-bottom:var(--wp--preset--spacing--50)\"><div class=\"wp-block-column is-layout-flow wp-block-column-is-layout-flow\"><blockquote class=\"wp-block-quote is-style-default is-layout-flow wp-block-quote-is-layout-flow\"><p class=\"has-size-32-font-size\"><strong>\u00ab\u00a0Le profil de fondation a permis d&rsquo;\u00e9largir notre port\u00e9e au-del\u00e0 de nos propres canaux et d&rsquo;accro\u00eetre ainsi la transparence de notre politique de soutien.\u00a0\u00bb<\/strong><\/p><cite>Pascale Vonmont<\/cite><\/blockquote><\/div><\/div>\n\n<div style=\"height:30px\" aria-hidden=\"true\" class=\"wp-block-spacer\"><\/div>\n\n<p class=\"has-size-22-font-size\"><strong>Comment ce changement de perspective a-t-il influenc\u00e9 votre communication externe ?<\/strong><\/p>\n\n<p><strong>Pascale Vonmont<\/strong>: La plateforme est un compl\u00e9ment essentiel de notre communication externe. Le profil de Gebert R\u00fcf Stiftung nous permet de rencontrer des partenaires pertinents et d&rsquo;\u00e9changer avec eux. Mais aussi d&rsquo;\u00eatre d\u00e9couvert par de nouveaux partenaires de projets.  <\/p>\n\n<div style=\"height:30px\" aria-hidden=\"true\" class=\"wp-block-spacer\"><\/div>\n\n<p class=\"has-size-22-font-size\"><strong>Y avait-il des craintes que des informations additionnelles entra\u00eenent des demandes suppl\u00e9mentaires ?<\/strong><\/p>\n\n<p><strong>Fleur Jaccard<\/strong>: Au contraire. Nous pensons qu&rsquo;une communication claire est b\u00e9n\u00e9fique, tant pour les partenaires de la fondation que pour les partenaires de projet. Et enfin, avec le profil de la fondation, nous dirigeons les demandeurs vers notre site web. Nous faisons ainsi d&rsquo;une pierre deux coups.<\/p>\n\n<div style=\"height:30px\" aria-hidden=\"true\" class=\"wp-block-spacer\"><\/div>\n\n<p class=\"has-size-22-font-size\"><strong>Comment votre profil a-t-il contribu\u00e9 \u00e0 mieux atteindre votre groupe cible ?<\/strong><\/p>\n\n<p><strong>Pascale Vonmont<\/strong>: Notre profil de fondation y a contribu\u00e9 de mani\u00e8re d\u00e9terminante. Il a permis d&rsquo;\u00e9largir notre port\u00e9e au-del\u00e0 de nos propres canaux et d&rsquo;accro\u00eetre ainsi la transparence de notre strat\u00e9gie de soutien.<\/p>\n\n<div style=\"height:30px\" aria-hidden=\"true\" class=\"wp-block-spacer\"><\/div>\n\n<p class=\"has-size-22-font-size\"><strong>Comment vous assurez-vous que le profil cr\u00e9\u00e9 reste toujours actuel et pertinent ?<\/strong><\/p>\n\n<p><strong>Pascale Vonmont :<\/strong> Nous pr\u00e9voyons des mises \u00e0 jour r\u00e9guli\u00e8res au cours de l&rsquo;ann\u00e9e. Nous veillons ainsi \u00e0 ce que notre profil soit toujours \u00e0 jour, sans mesures ad hoc ni oublis de modifications. Cela fonctionne d&rsquo;ailleurs tr\u00e8s bien avec une information compl\u00e8te, le badge rouge n&rsquo;a pas \u00e9t\u00e9 un probl\u00e8me pour nous.  <\/p>\n\n<p><strong>Fleur Jaccard<\/strong>: Nous actualisons les informations lorsque cela est n\u00e9cessaire. Comme nous l&rsquo;avons mentionn\u00e9, l&rsquo;orientation strat\u00e9gique des fondations ne change pas souvent, l&rsquo;effort est donc limit\u00e9.<\/p>\n\n<div style=\"height:30px\" aria-hidden=\"true\" class=\"wp-block-spacer\"><\/div>\n\n<p class=\"has-size-22-font-size\"><strong>Comment le profil a-t-il favoris\u00e9 la collaboration, la mise en r\u00e9seau et les synergies avec d&rsquo;autres acteurs ?<\/strong><\/p>\n\n<p><strong>Fleur Jaccard<\/strong>: Le profil sur stiftungschweiz.ch refl\u00e8te \u00e9galement les r\u00e9seaux digitaux dans lesquels nous sommes actifs en tant que Age-Stiftung. L&rsquo;organisation des groupes de travail de SwissFoundations s&rsquo;en trouve \u00e9norm\u00e9ment simplifi\u00e9e. En compl\u00e9ment des rencontres analogiques, la mise en r\u00e9seau et la coordination sont renforc\u00e9es et les connaissances peuvent \u00eatre partag\u00e9es rapidement et efficacement.<\/p>\n\n<p><strong>Pascale Vonmont<\/strong>: Gebert R\u00fcf Stiftung a \u00e9galement profit\u00e9 de la simplification et donc de l&rsquo;augmentation des \u00e9changes au sein des r\u00e9seaux de SwissFoundations. Mais jusqu&rsquo;\u00e0 pr\u00e9sent, peu de contacts ont \u00e9t\u00e9 \u00e9tablis en dehors de notre &lsquo;bulle&rsquo;, c&rsquo;est-\u00e0-dire au-del\u00e0 de la plateforme.<\/p>\n\n<div style=\"height:30px\" aria-hidden=\"true\" class=\"wp-block-spacer\"><\/div>\n\n<div class=\"wp-block-columns has-gray-light-background-color has-background is-layout-flex wp-container-core-columns-is-layout-51c0b34d wp-block-columns-is-layout-flex\" style=\"padding-top:var(--wp--preset--spacing--50);padding-bottom:var(--wp--preset--spacing--50)\"><div class=\"wp-block-column is-layout-flow wp-block-column-is-layout-flow\"><blockquote class=\"wp-block-quote is-style-default is-layout-flow wp-block-quote-is-layout-flow\"><p class=\"has-size-32-font-size\">\u00ab\u00a0<strong>Le profil de la fondation et le site web de Age-Stiftung forment un duo de choc. Les personnes \u00e0 la recherche d&rsquo;informations obtiennent ainsi rapidement ce dont elles ont besoin et nous profitons de demandes plus substantielles et de nouvelles possibilit\u00e9s de coop\u00e9ration. <\/strong>\u00ab\u00a0<\/p><cite>Fleur Jaccard<\/cite><\/blockquote><\/div><\/div>\n\n<div style=\"height:30px\" aria-hidden=\"true\" class=\"wp-block-spacer\"><\/div>\n\n<p class=\"has-size-22-font-size\"><strong>Quels retours avez-vous re\u00e7us de la part de demandeurs potentiels ou d&rsquo;organisations partenaires concernant votre profil ?<\/strong><\/p>\n\n<p><strong>Fleur Jaccard<\/strong>: Le fait est que notre profil de fondation appara\u00eet en deuxi\u00e8me position apr\u00e8s notre propre site web lors d&rsquo;une recherche sur Google. Le profil de la fondation et le site web de Age-Stiftung forment donc un duo de choc. Les personnes \u00e0 la recherche d&rsquo;informations obtiennent ainsi rapidement ce dont elles ont besoin, et nous profitons de demandes plus substantielles et de nouvelles possibilit\u00e9s de coop\u00e9ration.<\/p>\n\n<div style=\"height:30px\" aria-hidden=\"true\" class=\"wp-block-spacer\"><\/div>\n\n<p class=\"has-size-22-font-size\"><strong>Quels sont les objectifs \u00e0 long terme de votre profil ?<\/strong><\/p>\n\n<p><strong>Pascale Vonmont<\/strong>: Notre objectif est d&rsquo;attirer de nouveaux projets et de mettre en r\u00e9seau les partenaires existants. Nous sommes convaincus que c&rsquo;est ainsi que nous pourrons renforcer l&rsquo;orientation strat\u00e9gique de Gebert R\u00fcf Stiftung \u00e0 long terme. <\/p>\n\n<div style=\"height:30px\" aria-hidden=\"true\" class=\"wp-block-spacer\"><\/div><\/div><\/div><div class=\"wp-block-cover alignfull is-light\" style=\"padding-top:var(--wp--preset--spacing--50);padding-bottom:var(--wp--preset--spacing--50);min-height:250px;aspect-ratio:unset;\"><span aria-hidden=\"true\" class=\"wp-block-cover__background has-gray-light-background-color has-background-dim-100 has-background-dim\"><\/span><div class=\"wp-block-cover__inner-container is-layout-constrained wp-block-cover-is-layout-constrained\"><h2 class=\"wp-block-heading has-black-color has-text-color has-link-color wp-elements-d446ceebf599a23e8f5d00399dc9409e\">\u00c0 propos du profil et du r\u00e9pertoire<\/h2>\n\n<p class=\"has-size-20-font-size\">Les organisations \u00e0 but non lucratif et les fondations peuvent se pr\u00e9senter dans l&rsquo;annuaire des fondations avec leur propre microsite et d\u00e9cider quelles informations seront partag\u00e9es publiquement. Les organismes de financement peuvent indiquer leurs priorit\u00e9s en mati\u00e8re de financement et les voies de demande privil\u00e9gi\u00e9es, tandis que les non-profit pr\u00e9sentent leurs objectifs et leur propre historique de financement. Les badges introduits par la FondationSuisse augmentent la transparence et la confiance en rendant visibles les r\u00e9alisations et l&rsquo;engagement des organisations. Cela aide les organisations \u00e0 but non lucratif \u00e0 rendre transparentes leur exon\u00e9ration fiscale et leur mise en r\u00e9seau et permet aux fondations donatrices de trouver plus facilement des partenaires fiables. La fonction de recherche permet de trouver des fondations ou des non-profits appropri\u00e9s parmi quelque 15 000 organisations suisses. L&rsquo;index des fondations, actualis\u00e9 en permanence, garantit des r\u00e9sultats de recherche repr\u00e9sentatifs. Les utilisateurs trouvent leur correspondance gr\u00e2ce \u00e0 la recherche textuelle ou \u00e0 des filtres intelligents. La fonction de recherche offre plus de dix possibilit\u00e9s de filtrage sp\u00e9cifiques et est assist\u00e9e par une intelligence artificielle qui apprend en permanence.       <\/p><\/div><\/div><div class=\"wp-block-columns is-layout-flex wp-container-core-columns-is-layout-28f84493 wp-block-columns-is-layout-flex\"><div class=\"wp-block-column is-layout-flow wp-block-column-is-layout-flow\" style=\"flex-basis:50%\"><h2 class=\"wp-block-heading has-primary-color has-text-color has-link-color wp-elements-5e9ee74b6c4f8fcea7ec1f3640d5e265\">Les d\u00e9fis des utilisateurs<\/h2>\n\n<p class=\"has-size-20-font-size\"><strong>Pour les organisations \u00e0 but non lucratif<\/strong><\/p>\n\n<ul class=\"wp-block-list has-size-20-font-size\"><li class=\"has-size-20-font-size\">Trouver et contacter les partenaires de financement pertinents<\/li>\n\n<li class=\"has-size-20-font-size\">Cr\u00e9er une collecte de fonds publique et attirer les donateurs priv\u00e9s<\/li>\n\n<li class=\"has-size-20-font-size\">Peu de visibilit\u00e9 pour son organisation et ses projets<\/li>\n\n<li class=\"has-size-20-font-size\">Peu de budget pour la publicit\u00e9\/la g\u00e9n\u00e9ration de port\u00e9e<\/li><\/ul>\n\n<p class=\"has-size-20-font-size\"><strong>Pour les fondateurs<\/strong><\/p>\n\n<ul class=\"wp-block-list\"><li class=\"has-size-20-font-size\">Communication efficace des voies de demande et des priorit\u00e9s de financement privil\u00e9gi\u00e9es<\/li>\n\n<li class=\"has-size-20-font-size\">Trouver et contacter des partenaires de financement et des organisations \u00e0 but non lucratif appropri\u00e9s<\/li><\/ul><\/div>\n\n<div class=\"wp-block-column has-white-background-color has-background is-layout-flow wp-block-column-is-layout-flow\" style=\"flex-basis:50%\"><h2 class=\"wp-block-heading has-primary-color has-text-color has-link-color wp-elements-d48c2d79ee2947aa6ba08ca4b0b382b0\">Objectifs des utilisateurs<\/h2>\n\n<p class=\"has-size-20-font-size\"><strong>Pour les organisations \u00e0 but non lucratif<\/strong><\/p>\n\n<ul class=\"wp-block-list has-size-20-font-size\"><li class=\"has-size-20-font-size\">Trouver des partenaires de financement pertinents et obtenir un financement<\/li>\n\n<li class=\"has-size-20-font-size\">Recevoir des dons de particuliers<\/li>\n\n<li class=\"has-size-20-font-size\">D\u00e9velopper la visibilit\u00e9 et la port\u00e9e \u00e0 moindre co\u00fbt<\/li><\/ul>\n\n<p class=\"has-size-20-font-size\"><strong>Pour les fondateurs<\/strong><\/p>\n\n<ul class=\"wp-block-list\"><li class=\"has-size-20-font-size\">Recevoir moins de demandes inappropri\u00e9es et plus de demandes pr\u00e9cises<\/li>\n\n<li class=\"has-size-20-font-size\">Communication transparente sur les activit\u00e9s de promotion et les priorit\u00e9s de promotion<\/li>\n\n<li class=\"has-size-20-font-size\">Trouver un partenaire de financement<\/li><\/ul><\/div><\/div><div class=\"wp-block-columns is-layout-flex wp-container-core-columns-is-layout-28f84493 wp-block-columns-is-layout-flex\"><div class=\"wp-block-column has-primary-background-color has-background is-layout-flow wp-block-column-is-layout-flow\"><h2 class=\"wp-block-heading has-white-color has-text-color has-link-color wp-elements-177eea1b6cdef367cba376d5f4c71d10\">Mise en \u0153uvre<\/h2>\n\n<p class=\"has-size-20-font-size\">La mise en \u0153uvre des profils varie en fonction de l&rsquo;organisation ou du projet et se d\u00e9roule en diff\u00e9rentes \u00e9tapes. Les organisations peuvent ensuite utiliser la fonction de recherche avec des objectifs de recherche individuels. <\/p>\n\n<h3 class=\"wp-block-heading has-white-color has-text-color has-link-color wp-elements-b321dd4d6db87ea1b67afc251adaef07\">Profil de l&rsquo;organisation<\/h3>\n\n<p class=\"has-size-20-font-size\">Les utilisateurs peuvent faire appel \u00e0 une organisation existante (en g\u00e9n\u00e9ral une fondation) ou saisir une nouvelle organisation (en g\u00e9n\u00e9ral une association) dans le syst\u00e8me. L&rsquo;organisation remplit le profil de l&rsquo;organisation avec des contenus pertinents et l&rsquo;envoie \u00e0 l&rsquo;\u00e9quipe de Spheriq pour v\u00e9rification. Une fois la v\u00e9rification effectu\u00e9e avec succ\u00e8s, le profil est publi\u00e9.<\/p>\n\n<h3 class=\"wp-block-heading has-white-color has-text-color has-link-color wp-elements-ed2acdfbf1ee69f0bf6df2bedd7cfb1a\">Profil du projet<\/h3>\n\n<p class=\"has-size-20-font-size\">Les organisations cr\u00e9ent un nouveau profil de projet, le remplissent avec les informations pertinentes et le publient. Les organisations exon\u00e9r\u00e9es d&rsquo;imp\u00f4ts (\u00e0 partir de l&rsquo;acc\u00e8s Starter) ont la possibilit\u00e9 de publier leur profil de projet et leur profil d&rsquo;organisation sur la plateforme de dons de Spheriq.<\/p>\n\n<h3 class=\"wp-block-heading has-white-color has-text-color has-link-color wp-elements-9df0c658dd07ed871e2d272697572453\">Recherche<\/h3>\n\n<p class=\"has-size-20-font-size\">Une fois le profil publi\u00e9, les utilisateurs peuvent d\u00e9finir un objectif de recherche. La recherche s&rsquo;effectue soit par une recherche par texte, soit par diff\u00e9rents filtres, soit par une combinaison des deux possibilit\u00e9s de recherche. Les r\u00e9sultats de la recherche sont analys\u00e9s en fonction de l&rsquo;objectif de la recherche. Les utilisateurs peuvent enregistrer et sauvegarder les r\u00e9sultats de recherche pertinents dans une liste, les \u00e9diter de mani\u00e8re collaborative et les exporter.<\/p><\/div>\n\n<div class=\"wp-block-column is-layout-flow wp-block-column-is-layout-flow\"><h2 class=\"wp-block-heading has-primary-color has-text-color has-link-color wp-elements-02e102835a8daad97b2b08636b918285\">R\u00f4les et responsabilit\u00e9s<\/h2>\n\n<p class=\"has-size-20-font-size\">Lors de la cr\u00e9ation et de la mise \u00e0 jour des profils, les responsabilit\u00e9s varient en fonction de l&rsquo;organisation d&rsquo;utilit\u00e9 publique et de sa taille, avant que le r\u00e9pertoire des fondations puisse commencer.<\/p>\n\n<h3 class=\"wp-block-heading\">Nonprofits<\/h3>\n\n<p class=\"has-size-20-font-size\">L&rsquo;\u00e9quipe de collecte de fonds ou de communication est responsable de la cr\u00e9ation et de la mise \u00e0 jour du profil de l&rsquo;organisation et du projet. La direction ou le conseil d&rsquo;administration briefe l&rsquo;\u00e9quipe en cons\u00e9quence ou participe activement dans les petites organisations \u00e0 but non lucratif.<\/p>\n\n<h3 class=\"wp-block-heading\">Fondations donatrices<\/h3>\n\n<p class=\"has-size-20-font-size\">La direction\/l&rsquo;\u00e9quipe des relations publiques et de la communication ou les chefs de projet cr\u00e9ent et g\u00e8rent le profil de l&rsquo;organisation. Ici aussi, la direction ou le conseil d&rsquo;administration briefe ou, dans les petites fondations, participe directement et activement.<\/p>\n\n<h3 class=\"wp-block-heading\">Recherche<\/h3>\n\n<p class=\"has-size-20-font-size\">Les chefs de projet et les responsables de la collecte de fonds ou de la communication recherchent g\u00e9n\u00e9ralement des partenaires appropri\u00e9s dans l&rsquo;annuaire des fondations.<\/p><\/div><\/div><div class=\"wp-block-cover alignfull is-light\" style=\"padding-top:var(--wp--preset--spacing--50);padding-bottom:var(--wp--preset--spacing--50);min-height:200px;aspect-ratio:unset;\"><span aria-hidden=\"true\" class=\"wp-block-cover__background has-background-dim-100 has-background-dim\" style=\"background-color:#f7f7f7\"><\/span><div class=\"wp-block-cover__inner-container is-layout-constrained wp-block-cover-is-layout-constrained\"><div class=\"wp-block-columns is-layout-flex wp-container-core-columns-is-layout-28f84493 wp-block-columns-is-layout-flex\"><div class=\"wp-block-column is-layout-flow wp-block-column-is-layout-flow\" style=\"flex-basis:10%\"><p class=\"has-size-20-font-size\"><strong>Contact<\/strong><\/p><\/div>\n\n<div class=\"wp-block-column is-layout-flow wp-block-column-is-layout-flow\" style=\"flex-basis:65%\"><p class=\"has-size-20-font-size\">Moritz Brunner, Directeur marketing digital, <a href=\"mailto:moritz.brunner@stiftungschweiz.ch\" target=\"_blank\" rel=\"noreferrer noopener\">moritz.brunner@stiftungschweiz.ch<\/a><\/p><\/div>\n\n<div class=\"wp-block-column is-layout-flow wp-block-column-is-layout-flow\" style=\"flex-basis:25%\"><div class=\"wp-block-buttons is-layout-flex wp-block-buttons-is-layout-flex\"><div class=\"wp-block-button is-style-btn-primary is-style-btn-primary--1\"><a class=\"wp-block-button__link wp-element-button\" href=\"https:\/\/spheriq.ch\/wp-content\/uploads\/2024\/10\/FR_Gerbert-Ruef-Stiftung_Age-Stiftung_Case-Study-Profil-und-Verzeichnis.pdf\">T\u00e9l\u00e9charger l&rsquo;\u00e9tude de cas<\/a><\/div><\/div><\/div><\/div><\/div><\/div>","protected":false},"excerpt":{"rendered":"Profil et r\u00e9pertoire : \u00c9tude de cas Gerbert R\u00fcf Stiftung et Age-Stiftung Savoir qui fait quoi et o\u00f9, quel impact et quel soutien: le r\u00e9pertoire de la plateforme stiftungschweiz.ch est un outil central, intelligemment con\u00e7u pour toutes les organisations donatrices, les organisations d&rsquo;utilit\u00e9 publique et les projets en Suisse. Il offre \u00e0 toutes les organisations&#8230;","protected":false},"author":6,"featured_media":0,"parent":18121,"menu_order":0,"comment_status":"closed","ping_status":"closed","template":"","meta":{"_acf_changed":false,"footnotes":""},"class_list":["post-18732","page","type-page","status-publish","hentry"],"acf":[],"yoast_head":"<!-- This site is optimized with the Yoast SEO plugin v26.9 - https:\/\/yoast.com\/product\/yoast-seo-wordpress\/ -->\n<title>\u00c9tude de cas : Profil et r\u00e9pertoire - Spheriq<\/title>\n<meta name=\"description\" content=\"D\u00e9couvrez comment la fondation Age et la fondation Gerbert R\u00fcf ont pu accro\u00eetre leur visibilit\u00e9 et leur transparence gr\u00e2ce \u00e0 la fonction de profil et de recherche.\" \/>\n<meta name=\"robots\" content=\"index, follow, max-snippet:-1, max-image-preview:large, max-video-preview:-1\" \/>\n<link rel=\"canonical\" href=\"https:\/\/spheriq.ch\/fr\/etudes-de-cas\/profil-et-repertoire\/\" \/>\n<meta property=\"og:locale\" content=\"fr_FR\" \/>\n<meta property=\"og:type\" content=\"article\" \/>\n<meta property=\"og:title\" content=\"\u00c9tude de cas : Profil et r\u00e9pertoire - Spheriq\" \/>\n<meta property=\"og:description\" content=\"D\u00e9couvrez comment la fondation Age et la fondation Gerbert R\u00fcf ont pu accro\u00eetre leur visibilit\u00e9 et leur transparence gr\u00e2ce \u00e0 la fonction de profil et de recherche.\" \/>\n<meta property=\"og:url\" content=\"https:\/\/spheriq.ch\/fr\/etudes-de-cas\/profil-et-repertoire\/\" \/>\n<meta property=\"og:site_name\" content=\"Spheriq\" \/>\n<meta property=\"article:modified_time\" content=\"2024-10-16T13:01:52+00:00\" \/>\n<meta property=\"og:image\" content=\"https:\/\/spheriq.ch\/wp-content\/uploads\/2024\/10\/Case-Study-Profil.png\" \/>\n<meta name=\"twitter:card\" content=\"summary_large_image\" \/>\n<meta name=\"twitter:label1\" content=\"Dur\u00e9e de lecture estim\u00e9e\" \/>\n\t<meta name=\"twitter:data1\" content=\"11 minutes\" \/>\n<script type=\"application\/ld+json\" class=\"yoast-schema-graph\">{\"@context\":\"https:\/\/schema.org\",\"@graph\":[{\"@type\":\"WebPage\",\"@id\":\"https:\/\/spheriq.ch\/fr\/etudes-de-cas\/profil-et-repertoire\/\",\"url\":\"https:\/\/spheriq.ch\/fr\/etudes-de-cas\/profil-et-repertoire\/\",\"name\":\"\u00c9tude de cas : Profil et r\u00e9pertoire - Spheriq\",\"isPartOf\":{\"@id\":\"https:\/\/spheriq.ch\/fr\/#website\"},\"primaryImageOfPage\":{\"@id\":\"https:\/\/spheriq.ch\/fr\/etudes-de-cas\/profil-et-repertoire\/#primaryimage\"},\"image\":{\"@id\":\"https:\/\/spheriq.ch\/fr\/etudes-de-cas\/profil-et-repertoire\/#primaryimage\"},\"thumbnailUrl\":\"https:\/\/spheriq.ch\/wp-content\/uploads\/2024\/10\/Case-Study-Profil.png\",\"datePublished\":\"2024-09-16T11:52:23+00:00\",\"dateModified\":\"2024-10-16T13:01:52+00:00\",\"description\":\"D\u00e9couvrez comment la fondation Age et la fondation Gerbert R\u00fcf ont pu accro\u00eetre leur visibilit\u00e9 et leur transparence gr\u00e2ce \u00e0 la fonction de profil et de recherche.\",\"breadcrumb\":{\"@id\":\"https:\/\/spheriq.ch\/fr\/etudes-de-cas\/profil-et-repertoire\/#breadcrumb\"},\"inLanguage\":\"fr-FR\",\"potentialAction\":[{\"@type\":\"ReadAction\",\"target\":[\"https:\/\/spheriq.ch\/fr\/etudes-de-cas\/profil-et-repertoire\/\"]}]},{\"@type\":\"ImageObject\",\"inLanguage\":\"fr-FR\",\"@id\":\"https:\/\/spheriq.ch\/fr\/etudes-de-cas\/profil-et-repertoire\/#primaryimage\",\"url\":\"https:\/\/spheriq.ch\/wp-content\/uploads\/2024\/10\/Case-Study-Profil.png\",\"contentUrl\":\"https:\/\/spheriq.ch\/wp-content\/uploads\/2024\/10\/Case-Study-Profil.png\"},{\"@type\":\"BreadcrumbList\",\"@id\":\"https:\/\/spheriq.ch\/fr\/etudes-de-cas\/profil-et-repertoire\/#breadcrumb\",\"itemListElement\":[{\"@type\":\"ListItem\",\"position\":1,\"name\":\"Home\",\"item\":\"https:\/\/spheriq.ch\/fr\/\"},{\"@type\":\"ListItem\",\"position\":2,\"name\":\"\u00c9tudes de cas\",\"item\":\"https:\/\/spheriq.ch\/fr\/etudes-de-cas\/\"},{\"@type\":\"ListItem\",\"position\":3,\"name\":\"Profil et r\u00e9pertoire\"}]},{\"@type\":\"WebSite\",\"@id\":\"https:\/\/spheriq.ch\/fr\/#website\",\"url\":\"https:\/\/spheriq.ch\/fr\/\",\"name\":\"Spheriq\",\"description\":\"Spheriq | Online-Portal f\u00fcr Philanthropie\",\"potentialAction\":[{\"@type\":\"SearchAction\",\"target\":{\"@type\":\"EntryPoint\",\"urlTemplate\":\"https:\/\/spheriq.ch\/fr\/?s={search_term_string}\"},\"query-input\":{\"@type\":\"PropertyValueSpecification\",\"valueRequired\":true,\"valueName\":\"search_term_string\"}}],\"inLanguage\":\"fr-FR\"}]}<\/script>\n<!-- \/ Yoast SEO plugin. -->","yoast_head_json":{"title":"\u00c9tude de cas : Profil et r\u00e9pertoire - Spheriq","description":"D\u00e9couvrez comment la fondation Age et la fondation Gerbert R\u00fcf ont pu accro\u00eetre leur visibilit\u00e9 et leur transparence gr\u00e2ce \u00e0 la fonction de profil et de recherche.","robots":{"index":"index","follow":"follow","max-snippet":"max-snippet:-1","max-image-preview":"max-image-preview:large","max-video-preview":"max-video-preview:-1"},"canonical":"https:\/\/spheriq.ch\/fr\/etudes-de-cas\/profil-et-repertoire\/","og_locale":"fr_FR","og_type":"article","og_title":"\u00c9tude de cas : Profil et r\u00e9pertoire - Spheriq","og_description":"D\u00e9couvrez comment la fondation Age et la fondation Gerbert R\u00fcf ont pu accro\u00eetre leur visibilit\u00e9 et leur transparence gr\u00e2ce \u00e0 la fonction de profil et de recherche.","og_url":"https:\/\/spheriq.ch\/fr\/etudes-de-cas\/profil-et-repertoire\/","og_site_name":"Spheriq","article_modified_time":"2024-10-16T13:01:52+00:00","og_image":[{"url":"https:\/\/spheriq.ch\/wp-content\/uploads\/2024\/10\/Case-Study-Profil.png","type":"","width":"","height":""}],"twitter_card":"summary_large_image","twitter_misc":{"Dur\u00e9e de lecture estim\u00e9e":"11 minutes"},"schema":{"@context":"https:\/\/schema.org","@graph":[{"@type":"WebPage","@id":"https:\/\/spheriq.ch\/fr\/etudes-de-cas\/profil-et-repertoire\/","url":"https:\/\/spheriq.ch\/fr\/etudes-de-cas\/profil-et-repertoire\/","name":"\u00c9tude de cas : Profil et r\u00e9pertoire - Spheriq","isPartOf":{"@id":"https:\/\/spheriq.ch\/fr\/#website"},"primaryImageOfPage":{"@id":"https:\/\/spheriq.ch\/fr\/etudes-de-cas\/profil-et-repertoire\/#primaryimage"},"image":{"@id":"https:\/\/spheriq.ch\/fr\/etudes-de-cas\/profil-et-repertoire\/#primaryimage"},"thumbnailUrl":"https:\/\/spheriq.ch\/wp-content\/uploads\/2024\/10\/Case-Study-Profil.png","datePublished":"2024-09-16T11:52:23+00:00","dateModified":"2024-10-16T13:01:52+00:00","description":"D\u00e9couvrez comment la fondation Age et la fondation Gerbert R\u00fcf ont pu accro\u00eetre leur visibilit\u00e9 et leur transparence gr\u00e2ce \u00e0 la fonction de profil et de recherche.","breadcrumb":{"@id":"https:\/\/spheriq.ch\/fr\/etudes-de-cas\/profil-et-repertoire\/#breadcrumb"},"inLanguage":"fr-FR","potentialAction":[{"@type":"ReadAction","target":["https:\/\/spheriq.ch\/fr\/etudes-de-cas\/profil-et-repertoire\/"]}]},{"@type":"ImageObject","inLanguage":"fr-FR","@id":"https:\/\/spheriq.ch\/fr\/etudes-de-cas\/profil-et-repertoire\/#primaryimage","url":"https:\/\/spheriq.ch\/wp-content\/uploads\/2024\/10\/Case-Study-Profil.png","contentUrl":"https:\/\/spheriq.ch\/wp-content\/uploads\/2024\/10\/Case-Study-Profil.png"},{"@type":"BreadcrumbList","@id":"https:\/\/spheriq.ch\/fr\/etudes-de-cas\/profil-et-repertoire\/#breadcrumb","itemListElement":[{"@type":"ListItem","position":1,"name":"Home","item":"https:\/\/spheriq.ch\/fr\/"},{"@type":"ListItem","position":2,"name":"\u00c9tudes de cas","item":"https:\/\/spheriq.ch\/fr\/etudes-de-cas\/"},{"@type":"ListItem","position":3,"name":"Profil et r\u00e9pertoire"}]},{"@type":"WebSite","@id":"https:\/\/spheriq.ch\/fr\/#website","url":"https:\/\/spheriq.ch\/fr\/","name":"Spheriq","description":"Spheriq | Online-Portal f\u00fcr Philanthropie","potentialAction":[{"@type":"SearchAction","target":{"@type":"EntryPoint","urlTemplate":"https:\/\/spheriq.ch\/fr\/?s={search_term_string}"},"query-input":{"@type":"PropertyValueSpecification","valueRequired":true,"valueName":"search_term_string"}}],"inLanguage":"fr-FR"}]}},"_links":{"self":[{"href":"https:\/\/spheriq.ch\/fr\/wp-json\/wp\/v2\/pages\/18732","targetHints":{"allow":["GET"]}}],"collection":[{"href":"https:\/\/spheriq.ch\/fr\/wp-json\/wp\/v2\/pages"}],"about":[{"href":"https:\/\/spheriq.ch\/fr\/wp-json\/wp\/v2\/types\/page"}],"author":[{"embeddable":true,"href":"https:\/\/spheriq.ch\/fr\/wp-json\/wp\/v2\/users\/6"}],"replies":[{"embeddable":true,"href":"https:\/\/spheriq.ch\/fr\/wp-json\/wp\/v2\/comments?post=18732"}],"version-history":[{"count":7,"href":"https:\/\/spheriq.ch\/fr\/wp-json\/wp\/v2\/pages\/18732\/revisions"}],"predecessor-version":[{"id":19120,"href":"https:\/\/spheriq.ch\/fr\/wp-json\/wp\/v2\/pages\/18732\/revisions\/19120"}],"up":[{"embeddable":true,"href":"https:\/\/spheriq.ch\/fr\/wp-json\/wp\/v2\/pages\/18121"}],"wp:attachment":[{"href":"https:\/\/spheriq.ch\/fr\/wp-json\/wp\/v2\/media?parent=18732"}],"curies":[{"name":"wp","href":"https:\/\/api.w.org\/{rel}","templated":true}]}}